{"id":1244,"date":"2024-11-21T09:16:27","date_gmt":"2024-11-21T09:16:27","guid":{"rendered":"https:\/\/dsch.pt\/?page_id=1244"},"modified":"2026-01-15T17:36:24","modified_gmt":"2026-01-15T17:36:24","slug":"agenda-2025","status":"publish","type":"page","link":"https:\/\/dsch.pt\/en\/agenda-2025\/","title":{"rendered":"Agenda 2025"},"content":{"rendered":"<div data-elementor-type=\"wp-page\" data-elementor-id=\"1244\" class=\"elementor elementor-1244\">\n\t\t\t\t\t\t<section class=\"elementor-section elementor-top-section elementor-element elementor-element-b2668ba elementor-section-stretched elementor-section-boxed elementor-section-height-default elementor-section-height-default\" data-id=\"b2668ba\" data-element_type=\"section\" data-e-type=\"section\" data-settings=\"{&quot;stretch_section&quot;:&quot;section-stretched&quot;,&quot;background_background&quot;:&quot;classic&quot;}\">\n\t\t\t\t\t\t<div class=\"elementor-container elementor-column-gap-no\">\n\t\t\t\t\t<div class=\"elementor-column elementor-col-100 elementor-top-column elementor-element elementor-element-2dfbde8 elementor-invisible\" data-id=\"2dfbde8\" data-element_type=\"column\" data-e-type=\"column\" data-settings=\"{&quot;animation&quot;:&quot;slideInDown&quot;}\">\n\t\t\t<div class=\"elementor-widget-wrap elementor-element-populated\">\n\t\t\t\t\t\t<div class=\"elementor-element elementor-element-32d6fe5 elementor-absolute elementor-widget elementor-widget-heading\" data-id=\"32d6fe5\" data-element_type=\"widget\" data-e-type=\"widget\" data-settings=\"{&quot;_position&quot;:&quot;absolute&quot;}\" data-widget_type=\"heading.default\">\n\t\t\t\t<div class=\"elementor-widget-container\">\n\t\t\t\t\t<span class=\"elementor-heading-title elementor-size-default\">Calendar<\/span>\t\t\t\t<\/div>\n\t\t\t\t<\/div>\n\t\t\t\t<div class=\"elementor-element elementor-element-84d795b elementor-widget elementor-widget-heading\" data-id=\"84d795b\" data-element_type=\"widget\" data-e-type=\"widget\" id=\"2025\" data-widget_type=\"heading.default\">\n\t\t\t\t<div class=\"elementor-widget-container\">\n\t\t\t\t\t<h2 class=\"elementor-heading-title elementor-size-default\">2025<\/h2>\t\t\t\t<\/div>\n\t\t\t\t<\/div>\n\t\t\t\t<div class=\"elementor-element elementor-element-8e5f12b elementor-widget elementor-widget-naevents_unique_schedule_list\" data-id=\"8e5f12b\" data-element_type=\"widget\" data-e-type=\"widget\" data-widget_type=\"naevents_unique_schedule_list.default\">\n\t\t\t\t<div class=\"elementor-widget-container\">\n\t\t\t\t\t<div class=\"naeep-schedule-wrap\"><div class=\"naeep-schedule-list\">\n\t\t\t\t  \t\t\t\t\t\t\t\n\t\t\t\t  \t\t\t\t\t\t\t<div class=\"col-na-row align-items-center\">\n\t\t\t\t\t  \t\t\t\t\t\t\t<div class=\"col-na-2\"><div class=\"schedule-image\"><div class=\"naeep-image\"><a href=\"https:\/\/www.tnsj.pt\/pt\/espetaculos\/7071\/musical-mente-ciclo-de-concertos-com-preludios-poeticos\/\" target=\"_blank\" ><img decoding=\"async\" src=\"https:\/\/dsch.pt\/wp-content\/uploads\/2026\/01\/Captura-de-ecra-2026-01-08-154012-e1767887291311.png\" alt=\"4\u00ba Ciclo MUSICAL-MENTE\"><\/a><\/div><\/div><\/div>\n\t\t\t\t\t  \t\t\t\t\t\t\t<div class=\"col-na-10\"><div class=\"schedule-content\">\n\t\t\t\t\t  \t\t\t\t\t\t\t<ul><li><i class=\"far fa-calendar\"><\/i> 6 March 2025<\/li><li><i class=\"far fa-clock\"><\/i> 19:00<\/li><li><i class=\"fas fa-map-marker\"><\/i> Teatro Nacional S\u00e3o Jo\u00e3o, Oporto, Portugal<\/li><\/ul>\n\t\t\t\t\t  \t\t\t\t\t\t\t<h3>4\u00ba Ciclo MUSICAL-MENTE<\/h3><p><p class=\"translation-block\"><p><strong><em>PIAZZOLLA AND THE POETRY OF THE NEW TANGO<\/em><br>\nAndreia C. Faria<\/strong> (prelude), <strong>Ana Karina Rossi<\/strong> (voice), <strong>H\u00e9ctor del Curto<\/strong> (bandone\u00f3n), <strong>Rosa Maria Barrantes<\/strong> (piano), <strong>David Castro-Balbi<\/strong> (violin), <strong>Alberto Mesirca<\/strong> (electric guitar), <strong>Tiago Pinto-Ribeiro<\/strong> (double bass)<\/p>\n<p class=\"translation-block\"><p>Music by <strong>Astor Piazzolla<\/strong><br>\nPoems by <strong>Jorge Luis Borges<\/strong> and <strong>Horacio Ferrer<\/strong><\/p><\/p><\/div><\/div>\n\t\t\t\t  \t\t\t\t\t\t\t<\/div>\n\t\t\t\t\t\t\t\t\t    <\/div><\/div>\t\t\t\t<\/div>\n\t\t\t\t<\/div>\n\t\t\t\t<div class=\"elementor-element elementor-element-4bdcf80 elementor-widget elementor-widget-naevents_unique_schedule_list\" data-id=\"4bdcf80\" data-element_type=\"widget\" data-e-type=\"widget\" data-widget_type=\"naevents_unique_schedule_list.default\">\n\t\t\t\t<div class=\"elementor-widget-container\">\n\t\t\t\t\t<div class=\"naeep-schedule-wrap\"><div class=\"naeep-schedule-list\">\n\t\t\t\t  \t\t\t\t\t\t\t\n\t\t\t\t  \t\t\t\t\t\t\t<div class=\"col-na-row align-items-center\">\n\t\t\t\t\t  \t\t\t\t\t\t\t<div class=\"col-na-2\"><div class=\"schedule-image\"><div class=\"naeep-image\"><a href=\"https:\/\/www.festivalcapuchos.com\" target=\"_blank\" ><img decoding=\"async\" src=\"https:\/\/dsch.pt\/wp-content\/uploads\/2025\/12\/LOGOS-JUVENTUS_Azul.png\" alt=\"Schumann &amp; Dvo\u0159\u00e1k: Mundos Rom\u00e2nticos\"><\/a><\/div><\/div><\/div>\n\t\t\t\t\t  \t\t\t\t\t\t\t<div class=\"col-na-10\"><div class=\"schedule-content\">\n\t\t\t\t\t  \t\t\t\t\t\t\t<ul><li><i class=\"far fa-calendar\"><\/i> 12 April 2025<\/li><li><i class=\"far fa-clock\"><\/i> 17:30<\/li><li><i class=\"fas fa-map-marker\"><\/i> Convento dos Capuchos, Almada, Portugal<\/li><\/ul>\n\t\t\t\t\t  \t\t\t\t\t\t\t<h3>Schumann &amp; Dvo\u0159\u00e1k: Mundos Rom\u00e2nticos<\/h3><p><p><strong>Juventus Ensemble<br \/>Filipe Pinto-Ribeiro&nbsp;<\/strong>(piano),&nbsp;<strong>Arieta Liatsi<\/strong> (violin), <strong>Alfonso Pinto-Ribeiro<\/strong> (violin), <strong>Gustavo Rebelo<\/strong> (viola), <strong>Leonardo Petracci<\/strong> (cello)<br \/>Works by&nbsp;<strong>Schumann<\/strong> and <strong>Dvo\u0159&aacute;k<\/strong><\/p><\/div><\/div>\n\t\t\t\t  \t\t\t\t\t\t\t<\/div>\n\t\t\t\t\t\t\t\t\t    <\/div><\/div>\t\t\t\t<\/div>\n\t\t\t\t<\/div>\n\t\t\t\t<div class=\"elementor-element elementor-element-1eab7e7 elementor-widget elementor-widget-naevents_unique_schedule_list\" data-id=\"1eab7e7\" data-element_type=\"widget\" data-e-type=\"widget\" data-widget_type=\"naevents_unique_schedule_list.default\">\n\t\t\t\t<div class=\"elementor-widget-container\">\n\t\t\t\t\t<div class=\"naeep-schedule-wrap\"><div class=\"naeep-schedule-list\">\n\t\t\t\t  \t\t\t\t\t\t\t\n\t\t\t\t  \t\t\t\t\t\t\t<div class=\"col-na-row align-items-center\">\n\t\t\t\t\t  \t\t\t\t\t\t\t<div class=\"col-na-2\"><div class=\"schedule-image\"><div class=\"naeep-image\"><a href=\"https:\/\/www.tnsj.pt\/pt\/espetaculos\/7071\/musical-mente-ciclo-de-concertos-com-preludios-poeticos\/\" target=\"_blank\" ><img decoding=\"async\" src=\"https:\/\/dsch.pt\/wp-content\/uploads\/2026\/01\/Captura-de-ecra-2026-01-08-154344-e1767887246394.png\" alt=\"4\u00ba Ciclo MUSICAL-MENTE\"><\/a><\/div><\/div><\/div>\n\t\t\t\t\t  \t\t\t\t\t\t\t<div class=\"col-na-10\"><div class=\"schedule-content\">\n\t\t\t\t\t  \t\t\t\t\t\t\t<ul><li><i class=\"far fa-calendar\"><\/i> 3 May 2025<\/li><li><i class=\"far fa-clock\"><\/i> 19:00<\/li><li><i class=\"fas fa-map-marker\"><\/i> Teatro Nacional S\u00e3o Jo\u00e3o, Oporto, Portugal<\/li><\/ul>\n\t\t\t\t\t  \t\t\t\t\t\t\t<h3>4\u00ba Ciclo MUSICAL-MENTE<\/h3><p><p><strong><em>LISZT &ndash; O POETA DO PIANO<\/em><br \/>Jorge Vaz de Carvalho<\/strong>&nbsp;(prelude)<strong>&nbsp;e Filipe Pinto-Ribeiro&nbsp;<\/strong>(piano)<\/p>\n<p>Works by<strong>&nbsp;Franz Liszt<\/strong><\/p><\/p><\/div><\/div>\n\t\t\t\t  \t\t\t\t\t\t\t<\/div>\n\t\t\t\t\t\t\t\t\t    <\/div><\/div>\t\t\t\t<\/div>\n\t\t\t\t<\/div>\n\t\t\t\t<div class=\"elementor-element elementor-element-af28639 elementor-widget elementor-widget-naevents_unique_schedule_list\" data-id=\"af28639\" data-element_type=\"widget\" data-e-type=\"widget\" data-widget_type=\"naevents_unique_schedule_list.default\">\n\t\t\t\t<div class=\"elementor-widget-container\">\n\t\t\t\t\t<div class=\"naeep-schedule-wrap\"><div class=\"naeep-schedule-list\">\n\t\t\t\t  \t\t\t\t\t\t\t\n\t\t\t\t  \t\t\t\t\t\t\t<div class=\"col-na-row align-items-center\">\n\t\t\t\t\t  \t\t\t\t\t\t\t<div class=\"col-na-2\"><div class=\"schedule-image\"><div class=\"naeep-image\"><a href=\"https:\/\/www.festivalcapuchos.com\" target=\"_blank\" ><img decoding=\"async\" src=\"https:\/\/dsch.pt\/wp-content\/uploads\/2025\/04\/GERAL-1X1-REDES.jpg\" alt=\"Festival dos Capuchos\"><\/a><\/div><\/div><\/div>\n\t\t\t\t\t  \t\t\t\t\t\t\t<div class=\"col-na-10\"><div class=\"schedule-content\">\n\t\t\t\t\t  \t\t\t\t\t\t\t<ul><li><i class=\"far fa-calendar\"><\/i> 30 May to 27 June 2025<\/li><li><i class=\"fas fa-map-marker\"><\/i> Almada, Portugal<\/li><\/ul>\n\t\t\t\t\t  \t\t\t\t\t\t\t<h3>Capuchos Festival<\/h3><p><p>&bull;&nbsp;Convento dos Capuchos<\/p>\n<p>&bull;&nbsp;Teatro Municipal Joaquim Benite<\/p>\n<p>&bull;&nbsp;Audit&oacute;rio Lopes-Gra&ccedil;a<\/p>\n<p>&bull;&nbsp;Parque da Paz<\/p>\n<p>&bull;&nbsp;El Corte Ingl&eacute;s Lisboa<\/p><\/p><\/div><\/div>\n\t\t\t\t  \t\t\t\t\t\t\t<\/div>\n\t\t\t\t\t\t\t\t\t    <\/div><\/div>\t\t\t\t<\/div>\n\t\t\t\t<\/div>\n\t\t\t\t<div class=\"elementor-element elementor-element-63dfebc elementor-widget elementor-widget-naevents_unique_schedule_list\" data-id=\"63dfebc\" data-element_type=\"widget\" data-e-type=\"widget\" data-widget_type=\"naevents_unique_schedule_list.default\">\n\t\t\t\t<div class=\"elementor-widget-container\">\n\t\t\t\t\t<div class=\"naeep-schedule-wrap\"><div class=\"naeep-schedule-list\">\n\t\t\t\t  \t\t\t\t\t\t\t\n\t\t\t\t  \t\t\t\t\t\t\t<div class=\"col-na-row align-items-center\">\n\t\t\t\t\t  \t\t\t\t\t\t\t<div class=\"col-na-2\"><div class=\"schedule-image\"><div class=\"naeep-image\"><a href=\"https:\/\/www.festivalcapuchos.com\" target=\"_blank\" ><img decoding=\"async\" src=\"https:\/\/dsch.pt\/wp-content\/uploads\/2023\/12\/noticia-premio-dsch.jpg\" alt=\"Posl\u00fadio dos Capuchos\"><\/a><\/div><\/div><\/div>\n\t\t\t\t\t  \t\t\t\t\t\t\t<div class=\"col-na-10\"><div class=\"schedule-content\">\n\t\t\t\t\t  \t\t\t\t\t\t\t<ul><li><i class=\"far fa-calendar\"><\/i> 27 June 2025<\/li><li><i class=\"far fa-clock\"><\/i> 21:00<\/li><li><i class=\"fas fa-map-marker\"><\/i> Convento dos Capuchos, Almada, Portugal<\/li><\/ul>\n\t\t\t\t\t  \t\t\t\t\t\t\t<h3>Posl\u00fadio dos Capuchos<\/h3><p><p><strong>DSCH &ndash; Schostakovich Ensemble<br \/><\/strong><strong>Esther Hoppe&nbsp;<\/strong>(violin), <strong>Lars Anders Tomter<\/strong>&nbsp;(viola), <strong>Christian Polt&eacute;ra<\/strong>&nbsp;(cello), <strong>Tiago Pinto-Ribeiro<\/strong> (double bass),&nbsp;<strong>Filipe Pinto-Ribeiro&nbsp;<\/strong>(piano)<br \/>Works by <strong>Dvo\u0159&aacute;k<\/strong>,<strong> Azevedo <\/strong>and<strong> Schubert<\/strong><\/p><\/p><\/div><\/div>\n\t\t\t\t  \t\t\t\t\t\t\t<\/div>\n\t\t\t\t\t\t\t\t\t    <\/div><\/div>\t\t\t\t<\/div>\n\t\t\t\t<\/div>\n\t\t\t\t<div class=\"elementor-element elementor-element-819b658 elementor-widget elementor-widget-naevents_unique_schedule_list\" data-id=\"819b658\" data-element_type=\"widget\" data-e-type=\"widget\" data-widget_type=\"naevents_unique_schedule_list.default\">\n\t\t\t\t<div class=\"elementor-widget-container\">\n\t\t\t\t\t<div class=\"naeep-schedule-wrap\"><div class=\"naeep-schedule-list\">\n\t\t\t\t  \t\t\t\t\t\t\t\n\t\t\t\t  \t\t\t\t\t\t\t<div class=\"col-na-row align-items-center\">\n\t\t\t\t\t  \t\t\t\t\t\t\t<div class=\"col-na-2\"><div class=\"schedule-image\"><div class=\"naeep-image\"><a href=\"https:\/\/varnasummerfest.org\/en\/program\/shostakovich-ensemble-2\" target=\"_blank\" ><img decoding=\"async\" src=\"https:\/\/dsch.pt\/wp-content\/uploads\/2026\/01\/Captura-de-ecra-2026-01-08-155055-e1767887591690.png\" alt=\"Festival de M\u00fasica de Varna\"><\/a><\/div><\/div><\/div>\n\t\t\t\t\t  \t\t\t\t\t\t\t<div class=\"col-na-10\"><div class=\"schedule-content\">\n\t\t\t\t\t  \t\t\t\t\t\t\t<ul><li><i class=\"far fa-calendar\"><\/i> 5 July 2025<\/li><li><i class=\"far fa-clock\"><\/i> 19:00<\/li><li><i class=\"fas fa-map-marker\"><\/i> Varna Opera House, Varna, Bulgary<\/li><\/ul>\n\t\t\t\t\t  \t\t\t\t\t\t\t<h3>Festival de M\u00fasica de Varna<\/h3><p><p><strong>DSCH &ndash; Schostakovich Ensemble<br \/>Filipe Pinto-Ribeiro<\/strong>&nbsp;(piano),&nbsp;<strong>Jack Liebeck&nbsp;<\/strong>(violin) and<strong>&nbsp;Kyril Zlotnikov&nbsp;<\/strong>(cello)<\/p>\n<p>Works by&nbsp;<strong>Beethoven&nbsp;e&nbsp;Dvo\u0159&aacute;k<\/strong><\/p><\/p><\/div><\/div>\n\t\t\t\t  \t\t\t\t\t\t\t<\/div>\n\t\t\t\t\t\t\t\t\t    <\/div><\/div>\t\t\t\t<\/div>\n\t\t\t\t<\/div>\n\t\t\t\t<div class=\"elementor-element elementor-element-fd9b0e7 elementor-widget elementor-widget-naevents_unique_schedule_list\" data-id=\"fd9b0e7\" data-element_type=\"widget\" data-e-type=\"widget\" data-widget_type=\"naevents_unique_schedule_list.default\">\n\t\t\t\t<div class=\"elementor-widget-container\">\n\t\t\t\t\t<div class=\"naeep-schedule-wrap\"><div class=\"naeep-schedule-list\">\n\t\t\t\t  \t\t\t\t\t\t\t\n\t\t\t\t  \t\t\t\t\t\t\t<div class=\"col-na-row align-items-center\">\n\t\t\t\t\t  \t\t\t\t\t\t\t<div class=\"col-na-2\"><div class=\"schedule-image\"><div class=\"naeep-image\"><a href=\"https:\/\/www.veraoclassico.com\" target=\"_blank\" ><img decoding=\"async\" src=\"https:\/\/dsch.pt\/wp-content\/uploads\/2025\/09\/VC-noticia-1x1-1.png\" alt=\"Festival e Academia VER\u00c3O CL\u00c1SSICO\"><\/a><\/div><\/div><\/div>\n\t\t\t\t\t  \t\t\t\t\t\t\t<div class=\"col-na-10\"><div class=\"schedule-content\">\n\t\t\t\t\t  \t\t\t\t\t\t\t<ul><li><i class=\"far fa-calendar\"><\/i> 21 July to 2 August 2025<\/li><li><i class=\"fas fa-map-marker\"><\/i> Lisbon, Portugal<\/li><\/ul>\n\t\t\t\t\t  \t\t\t\t\t\t\t<h3>Festival &amp; Academy VER\u00c3O CL\u00c1SSICO 2026<\/h3><p><p>&bull;&nbsp;Centro Cultural de Bel&eacute;m<\/p>\n<p>&bull;&nbsp;Museu Nacional dos Coches<\/p>\n<p>&bull; Escola Art&iacute;stica de M&uacute;sica do Conservat&oacute;rio Nacional<\/p>\n<p>&bull;&nbsp;Escola Secund&aacute;ria Marqu&ecirc;s de Pombal<\/p><\/p><\/div><\/div>\n\t\t\t\t  \t\t\t\t\t\t\t<\/div>\n\t\t\t\t\t\t\t\t\t    <\/div><\/div>\t\t\t\t<\/div>\n\t\t\t\t<\/div>\n\t\t\t\t<div class=\"elementor-element elementor-element-3a65b89 elementor-widget elementor-widget-naevents_unique_schedule_list\" data-id=\"3a65b89\" data-element_type=\"widget\" data-e-type=\"widget\" data-widget_type=\"naevents_unique_schedule_list.default\">\n\t\t\t\t<div class=\"elementor-widget-container\">\n\t\t\t\t\t<div class=\"naeep-schedule-wrap\"><div class=\"naeep-schedule-list\">\n\t\t\t\t  \t\t\t\t\t\t\t\n\t\t\t\t  \t\t\t\t\t\t\t<div class=\"col-na-row align-items-center\">\n\t\t\t\t\t  \t\t\t\t\t\t\t<div class=\"col-na-2\"><div class=\"schedule-image\"><div class=\"naeep-image\"><a href=\"https:\/\/www.classicfest.pt\" target=\"_blank\" ><img decoding=\"async\" src=\"https:\/\/dsch.pt\/wp-content\/uploads\/2025\/09\/BCF25-noticia-1x1-1.jpg\" alt=\"Bragan\u00e7a ClassicFest\"><\/a><\/div><\/div><\/div>\n\t\t\t\t\t  \t\t\t\t\t\t\t<div class=\"col-na-10\"><div class=\"schedule-content\">\n\t\t\t\t\t  \t\t\t\t\t\t\t<ul><li><i class=\"far fa-calendar\"><\/i> 28 September ti 11 October 2025<\/li><li><i class=\"fas fa-map-marker\"><\/i> Bragan\u00e7a, Portugal<\/li><\/ul>\n\t\t\t\t\t  \t\t\t\t\t\t\t<h3>Bragan\u00e7a ClassicFest<\/h3><p><p>&bull;&nbsp;Teatro Municipal de Bragan&ccedil;a<br \/>&bull;&nbsp;Igreja de S&atilde;o Francisco<br \/>&bull;&nbsp;Bas&iacute;lica de Santo Cristo de Outeiro<\/p><\/p><\/div><\/div>\n\t\t\t\t  \t\t\t\t\t\t\t<\/div>\n\t\t\t\t\t\t\t\t\t    <\/div><\/div>\t\t\t\t<\/div>\n\t\t\t\t<\/div>\n\t\t\t\t<div class=\"elementor-element elementor-element-86f14ef elementor-widget elementor-widget-naevents_unique_schedule_list\" data-id=\"86f14ef\" data-element_type=\"widget\" data-e-type=\"widget\" data-widget_type=\"naevents_unique_schedule_list.default\">\n\t\t\t\t<div class=\"elementor-widget-container\">\n\t\t\t\t\t<div class=\"naeep-schedule-wrap\"><div class=\"naeep-schedule-list\">\n\t\t\t\t  \t\t\t\t\t\t\t\n\t\t\t\t  \t\t\t\t\t\t\t<div class=\"col-na-row align-items-center\">\n\t\t\t\t\t  \t\t\t\t\t\t\t<div class=\"col-na-2\"><div class=\"schedule-image\"><div class=\"naeep-image\"><a href=\"https:\/\/classicfest.pt\/pt\/schubertiada\/\" target=\"_blank\" ><img decoding=\"async\" src=\"https:\/\/dsch.pt\/wp-content\/uploads\/2023\/12\/noticia-premio-dsch.jpg\" alt=\"Schubert\u00edada\"><\/a><\/div><\/div><\/div>\n\t\t\t\t\t  \t\t\t\t\t\t\t<div class=\"col-na-10\"><div class=\"schedule-content\">\n\t\t\t\t\t  \t\t\t\t\t\t\t<ul><li><i class=\"far fa-calendar\"><\/i> 4 October 2025<\/li><li><i class=\"far fa-clock\"><\/i> 21:00<\/li><li><i class=\"fas fa-map-marker\"><\/i> Teatro Municipal de Bragan\u00e7a, Portugal<\/li><\/ul>\n\t\t\t\t\t  \t\t\t\t\t\t\t<h3>Schubert\u00edada<\/h3><p><p><strong>DSCH &ndash; Schostakovich Ensemble<br \/><\/strong><strong>Esther Hoppe&nbsp;<\/strong>(violin), <strong>Lars Anders Tomter<\/strong>&nbsp;(viola), <strong>Christian Polt&eacute;ra<\/strong>&nbsp;(cello), <strong>Tiago Pinto-Ribeiro<\/strong> (double bass),&nbsp;<strong>Filipe Pinto-Ribeiro&nbsp;<\/strong>(piano)<br \/>Works by <strong>Dvo\u0159&aacute;k&nbsp;<\/strong>and<strong> Schubert<\/strong><\/p><\/p><\/div><\/div>\n\t\t\t\t  \t\t\t\t\t\t\t<\/div>\n\t\t\t\t\t\t\t\t\t    <\/div><\/div>\t\t\t\t<\/div>\n\t\t\t\t<\/div>\n\t\t\t\t<div class=\"elementor-element elementor-element-c1ae1fa elementor-widget elementor-widget-naevents_unique_schedule_list\" data-id=\"c1ae1fa\" data-element_type=\"widget\" data-e-type=\"widget\" data-widget_type=\"naevents_unique_schedule_list.default\">\n\t\t\t\t<div class=\"elementor-widget-container\">\n\t\t\t\t\t<div class=\"naeep-schedule-wrap\"><div class=\"naeep-schedule-list\">\n\t\t\t\t  \t\t\t\t\t\t\t\n\t\t\t\t  \t\t\t\t\t\t\t<div class=\"col-na-row align-items-center\">\n\t\t\t\t\t  \t\t\t\t\t\t\t<div class=\"col-na-2\"><div class=\"schedule-image\"><div class=\"naeep-image\"><a href=\"https:\/\/classicfest.pt\/pt\/schumann-dvorak-mundos-roma%cc%82nticos\/\" target=\"_blank\" ><img decoding=\"async\" src=\"https:\/\/dsch.pt\/wp-content\/uploads\/2025\/12\/LOGOS-JUVENTUS_Azul.png\" alt=\"Schumann &amp; Dvo\u0159\u00e1k: Mundos Rom\u00e2nticos\"><\/a><\/div><\/div><\/div>\n\t\t\t\t\t  \t\t\t\t\t\t\t<div class=\"col-na-10\"><div class=\"schedule-content\">\n\t\t\t\t\t  \t\t\t\t\t\t\t<ul><li><i class=\"far fa-calendar\"><\/i> 10 October 2025<\/li><li><i class=\"far fa-clock\"><\/i> 17:30<\/li><li><i class=\"fas fa-map-marker\"><\/i> Igreja de S\u00e3o Francisco, Bragan\u00e7a, Portugal<\/li><\/ul>\n\t\t\t\t\t  \t\t\t\t\t\t\t<h3>Schumann &amp; Dvo\u0159\u00e1k: Mundos Rom\u00e2nticos<\/h3><p><p><strong>Juventus Ensemble<br \/>Filipe Pinto-Ribeiro&nbsp;<\/strong>(piano),&nbsp;<strong>Arieta Liatsi<\/strong> (violin), <strong>Alfonso Pinto-Ribeiro<\/strong> (violin), <strong>Jiliang Shi<\/strong> (viola), <strong>Guilherme Moraes<\/strong> (cello)<br \/>Works by&nbsp;<strong>Schumann<\/strong> and <strong>Dvo\u0159&aacute;k<\/strong><\/p><\/p><\/div><\/div>\n\t\t\t\t  \t\t\t\t\t\t\t<\/div>\n\t\t\t\t\t\t\t\t\t    <\/div><\/div>\t\t\t\t<\/div>\n\t\t\t\t<\/div>\n\t\t\t\t<div class=\"elementor-element elementor-element-3cad32a elementor-widget elementor-widget-naevents_unique_schedule_list\" data-id=\"3cad32a\" data-element_type=\"widget\" data-e-type=\"widget\" data-widget_type=\"naevents_unique_schedule_list.default\">\n\t\t\t\t<div class=\"elementor-widget-container\">\n\t\t\t\t\t<div class=\"naeep-schedule-wrap\"><div class=\"naeep-schedule-list\">\n\t\t\t\t  \t\t\t\t\t\t\t\n\t\t\t\t  \t\t\t\t\t\t\t<div class=\"col-na-row align-items-center\">\n\t\t\t\t\t  \t\t\t\t\t\t\t<div class=\"col-na-2\"><div class=\"schedule-image\"><div class=\"naeep-image\"><a href=\"https:\/\/www.sfilarmonicaba.net\/concierto-de-juventus-ensemble-el-21-de-noviembre-en-la-diputacion-de-badajoz\/\" target=\"_blank\" ><img decoding=\"async\" src=\"https:\/\/dsch.pt\/wp-content\/uploads\/2026\/01\/CARTAZ-Juventus-Badajoz-LOW-e1768490978991.jpg\" alt=\"XXV Ciclo Hojas de \u00c1lbum\"><\/a><\/div><\/div><\/div>\n\t\t\t\t\t  \t\t\t\t\t\t\t<div class=\"col-na-10\"><div class=\"schedule-content\">\n\t\t\t\t\t  \t\t\t\t\t\t\t<ul><li><i class=\"far fa-calendar\"><\/i> 21 November 2025<\/li><li><i class=\"far fa-clock\"><\/i> 20:30<\/li><li><i class=\"fas fa-map-marker\"><\/i> Sal\u00f3n de Plenos de Diputaci\u00f3n de Badajoz, Spain<\/li><\/ul>\n\t\t\t\t\t  \t\t\t\t\t\t\t<h3>XXV Ciclo Hojas de \u00c1lbum<\/h3><p><p><strong>Juventus Ensemble<br \/>Telmo Costa&nbsp;<\/strong>(clarinet),&nbsp;<strong>Arieta Liatsi<\/strong> (violin), <strong>Alfonso Pinto-Ribeiro<\/strong> (violin), <strong>Gustavo Rebelo<\/strong> (viola), <strong>Sof\u00eda Torres<\/strong> (cello)<br \/>Works by&nbsp;<strong>Mozart<\/strong> and <strong>Dvo\u0159&aacute;k<\/strong><\/p><\/p><\/div><\/div>\n\t\t\t\t  \t\t\t\t\t\t\t<\/div>\n\t\t\t\t\t\t\t\t\t    <\/div><\/div>\t\t\t\t<\/div>\n\t\t\t\t<\/div>\n\t\t\t\t<div class=\"elementor-element elementor-element-b5a5ff4 elementor-widget elementor-widget-naevents_unique_schedule_list\" data-id=\"b5a5ff4\" data-element_type=\"widget\" data-e-type=\"widget\" id=\"year-2024\" data-widget_type=\"naevents_unique_schedule_list.default\">\n\t\t\t\t<div class=\"elementor-widget-container\">\n\t\t\t\t\t<div class=\"naeep-schedule-wrap\"><div class=\"naeep-schedule-list\">\n\t\t\t\t  \t\t\t\t\t\t\t\n\t\t\t\t  \t\t\t\t\t\t\t<div class=\"col-na-row align-items-center\">\n\t\t\t\t\t  \t\t\t\t\t\t\t<div class=\"col-na-2\"><div class=\"schedule-image\"><div class=\"naeep-image\"><a href=\"https:\/\/www.tnsj.pt\/pt\/espetaculos\/7159\/musical-mente\/\" target=\"_blank\" ><img decoding=\"async\" src=\"https:\/\/dsch.pt\/wp-content\/uploads\/2026\/01\/Captura-de-ecra-2026-01-08-153800-e1767887369338.png\" alt=\"5\u00ba Ciclo MUSICAL-MENTE\"><\/a><\/div><\/div><\/div>\n\t\t\t\t\t  \t\t\t\t\t\t\t<div class=\"col-na-10\"><div class=\"schedule-content\">\n\t\t\t\t\t  \t\t\t\t\t\t\t<ul><li><i class=\"far fa-calendar\"><\/i> 18 December 2025<\/li><li><i class=\"far fa-clock\"><\/i> 19:00<\/li><li><i class=\"fas fa-map-marker\"><\/i> Teatro Nacional S\u00e3o Jo\u00e3o, Oporto, Portugal<\/li><\/ul>\n\t\t\t\t\t  \t\t\t\t\t\t\t<h3>5\u00ba Ciclo MUSICAL-MENTE<\/h3><p><p><strong>DSCH &ndash; Schostakovich Ensemble<\/strong><\/p>\n<p><em>A GRANDE FANTASIA<\/em><br \/><strong>Maria Rueff&nbsp;<\/strong>(prel&uacute;dio e narra&ccedil;&atilde;o)<strong>, Filipe Pinto-Ribeiro&nbsp;<\/strong>(piano),&nbsp;<strong>Rosa Maria Barrantes<\/strong>&nbsp;(piano),&nbsp;<strong>Tatiana Samouil<\/strong>&nbsp;(violin),<strong>&nbsp;Alfonso Pinto-Ribeiro<\/strong>&nbsp;(violin),&nbsp;<strong>Lars Anders Tomter<\/strong>&nbsp;(viola),&nbsp;<strong>Justus Grimm<\/strong>&nbsp;(cello),&nbsp;<strong>Tiago Pinto-Ribeiro<\/strong>&nbsp;(double bass),&nbsp;<strong>Sofia Costa<\/strong>&nbsp;(percussion),&nbsp;<strong>S&oacute;nia Pais<\/strong>&nbsp;(flute) and&nbsp;<strong>Pascal Moragu&egrave;s<\/strong>&nbsp;(clarinet)<br \/><strong><br \/><\/strong>Works by&nbsp;<strong>Camille Saint-Sa&euml;ns, Joseph Haydn&nbsp;<\/strong>and&nbsp;<strong>Srul Irving Glick<\/strong><\/p><\/p><\/div><\/div>\n\t\t\t\t  \t\t\t\t\t\t\t<\/div>\n\t\t\t\t\t\t\t\t\t    <\/div><\/div>\t\t\t\t<\/div>\n\t\t\t\t<\/div>\n\t\t\t\t\t<\/div>\n\t\t<\/div>\n\t\t\t\t\t<\/div>\n\t\t<\/section>\n\t\t\t\t<\/div>","protected":false},"excerpt":{"rendered":"<p>Agenda 2025 6 Mar\u00e7o 2025 19:00 Teatro Nacional S\u00e3o Jo\u00e3o, Porto, Portugal 4\u00ba Ciclo MUSICAL-MENTE PIAZZOLLA E A POESIA DO NOVO TANGOAndreia C. Faria&nbsp;(prel&uacute;dio),&nbsp;Ana Karina Rossi&nbsp;(voz),&nbsp;H&eacute;ctor del Curto&nbsp;(bandone&oacute;n),&nbsp;Rosa Maria Barrantes&nbsp;(piano),&nbsp;David Castro-Balbi&nbsp;(violino),&nbsp;Alberto Mesirca&nbsp;(guitarra el&eacute;trica),&nbsp;Tiago Pinto-Ribeiro&nbsp;(contrabaixo) M&uacute;sica de&nbsp;Astor PiazzollaPoemas de&nbsp;Jorge Luis Borges&nbsp;e&nbsp;Horacio Ferrer 12 Abril 2025 17:30 Convento dos Capuchos, Almada, Portugal Schumann &amp; Dvo\u0159\u00e1k: Mundos Rom\u00e2nticos&#8230;<\/p>","protected":false},"author":3,"featured_media":0,"parent":0,"menu_order":0,"comment_status":"closed","ping_status":"closed","template":"","meta":{"footnotes":""},"class_list":["post-1244","page","type-page","status-publish","hentry"],"aioseo_notices":[],"_links":{"self":[{"href":"https:\/\/dsch.pt\/en\/wp-json\/wp\/v2\/pages\/1244","targetHints":{"allow":["GET"]}}],"collection":[{"href":"https:\/\/dsch.pt\/en\/wp-json\/wp\/v2\/pages"}],"about":[{"href":"https:\/\/dsch.pt\/en\/wp-json\/wp\/v2\/types\/page"}],"author":[{"embeddable":true,"href":"https:\/\/dsch.pt\/en\/wp-json\/wp\/v2\/users\/3"}],"replies":[{"embeddable":true,"href":"https:\/\/dsch.pt\/en\/wp-json\/wp\/v2\/comments?post=1244"}],"version-history":[{"count":363,"href":"https:\/\/dsch.pt\/en\/wp-json\/wp\/v2\/pages\/1244\/revisions"}],"predecessor-version":[{"id":3518,"href":"https:\/\/dsch.pt\/en\/wp-json\/wp\/v2\/pages\/1244\/revisions\/3518"}],"wp:attachment":[{"href":"https:\/\/dsch.pt\/en\/wp-json\/wp\/v2\/media?parent=1244"}],"curies":[{"name":"wp","href":"https:\/\/api.w.org\/{rel}","templated":true}]}}