{"id":1596,"date":"2025-04-29T14:48:42","date_gmt":"2025-04-29T14:48:42","guid":{"rendered":"https:\/\/dsch.pt\/?page_id=1596"},"modified":"2025-04-29T15:07:58","modified_gmt":"2025-04-29T15:07:58","slug":"noticia-festival-dos-capuchos-2025","status":"publish","type":"page","link":"https:\/\/dsch.pt\/en\/noticia-festival-dos-capuchos-2025\/","title":{"rendered":"Not\u00edcia Festival dos Capuchos 2025"},"content":{"rendered":"<div data-elementor-type=\"wp-page\" data-elementor-id=\"1596\" class=\"elementor elementor-1596\">\n\t\t\t\t\t\t<section class=\"elementor-section elementor-top-section elementor-element elementor-element-e3401fd elementor-section-boxed elementor-section-height-default elementor-section-height-default\" data-id=\"e3401fd\" data-element_type=\"section\" data-e-type=\"section\">\n\t\t\t\t\t\t<div class=\"elementor-container elementor-column-gap-default\">\n\t\t\t\t\t<div class=\"elementor-column elementor-col-100 elementor-top-column elementor-element elementor-element-87118d4\" data-id=\"87118d4\" data-element_type=\"column\" data-e-type=\"column\">\n\t\t\t<div class=\"elementor-widget-wrap elementor-element-populated\">\n\t\t\t\t\t\t<div class=\"elementor-element elementor-element-df48197 elementor-widget elementor-widget-spacer\" data-id=\"df48197\" data-element_type=\"widget\" data-e-type=\"widget\" data-widget_type=\"spacer.default\">\n\t\t\t\t<div class=\"elementor-widget-container\">\n\t\t\t\t\t\t\t<div class=\"elementor-spacer\">\n\t\t\t<div class=\"elementor-spacer-inner\"><\/div>\n\t\t<\/div>\n\t\t\t\t\t\t<\/div>\n\t\t\t\t<\/div>\n\t\t\t\t\t<\/div>\n\t\t<\/div>\n\t\t\t\t\t<\/div>\n\t\t<\/section>\n\t\t\t\t<section class=\"elementor-section elementor-top-section elementor-element elementor-element-54354d59 elementor-section-boxed elementor-section-height-default elementor-section-height-default\" data-id=\"54354d59\" data-element_type=\"section\" data-e-type=\"section\">\n\t\t\t\t\t\t<div class=\"elementor-container elementor-column-gap-default\">\n\t\t\t\t\t<div class=\"elementor-column elementor-col-100 elementor-top-column elementor-element elementor-element-749d0eb6\" data-id=\"749d0eb6\" data-element_type=\"column\" data-e-type=\"column\">\n\t\t\t<div class=\"elementor-widget-wrap elementor-element-populated\">\n\t\t\t\t\t\t<div class=\"elementor-element elementor-element-18a7190e elementor-widget elementor-widget-spacer\" data-id=\"18a7190e\" data-element_type=\"widget\" data-e-type=\"widget\" data-widget_type=\"spacer.default\">\n\t\t\t\t<div class=\"elementor-widget-container\">\n\t\t\t\t\t\t\t<div class=\"elementor-spacer\">\n\t\t\t<div class=\"elementor-spacer-inner\"><\/div>\n\t\t<\/div>\n\t\t\t\t\t\t<\/div>\n\t\t\t\t<\/div>\n\t\t\t\t<div class=\"elementor-element elementor-element-a844d4e elementor-widget elementor-widget-image\" data-id=\"a844d4e\" data-element_type=\"widget\" data-e-type=\"widget\" data-widget_type=\"image.default\">\n\t\t\t\t<div class=\"elementor-widget-container\">\n\t\t\t\t\t\t\t\t\t\t\t\t\t\t\t<img fetchpriority=\"high\" decoding=\"async\" width=\"800\" height=\"300\" src=\"https:\/\/dsch.pt\/wp-content\/uploads\/2025\/04\/BANNER-FACEBOOK-1024x384.jpg\" class=\"attachment-large size-large wp-image-1602\" alt=\"\" srcset=\"https:\/\/dsch.pt\/wp-content\/uploads\/2025\/04\/BANNER-FACEBOOK-1024x384.jpg 1024w, https:\/\/dsch.pt\/wp-content\/uploads\/2025\/04\/BANNER-FACEBOOK-300x112.jpg 300w, https:\/\/dsch.pt\/wp-content\/uploads\/2025\/04\/BANNER-FACEBOOK-768x288.jpg 768w, https:\/\/dsch.pt\/wp-content\/uploads\/2025\/04\/BANNER-FACEBOOK-1536x575.jpg 1536w, https:\/\/dsch.pt\/wp-content\/uploads\/2025\/04\/BANNER-FACEBOOK-2048x767.jpg 2048w\" sizes=\"(max-width: 800px) 100vw, 800px\" \/>\t\t\t\t\t\t\t\t\t\t\t\t\t\t\t<\/div>\n\t\t\t\t<\/div>\n\t\t\t\t<div class=\"elementor-element elementor-element-1b867953 elementor-widget__width-initial elementor-widget elementor-widget-text-editor\" data-id=\"1b867953\" data-element_type=\"widget\" data-e-type=\"widget\" data-widget_type=\"text-editor.default\">\n\t\t\t\t<div class=\"elementor-widget-container\">\n\t\t\t\t\t\t\t\t\t<p style=\"font-weight: 400;\"><strong>12.04.2025<\/strong><\/p><h1><strong>Festival de M\u00fasica dos Capuchos 2025<\/strong><\/h1><p><strong>30 MAY to 27 JUNE 2025<br \/><\/strong><strong>Almada \u2013 Portugal<\/strong><\/p><p><strong>\u00a0<\/strong><\/p><p><strong>Artistic Director: Filipe Pinto-Ribeiro<\/strong><\/p><p><strong>Toda a informa\u00e7\u00e3o em:\u00a0<a href=\"https:\/\/festivalcapuchos.com\/\">FESTIVALCAPUCHOS.COM<\/a><\/strong><\/p><p><strong>Capuchos Festival 2025<br \/><\/strong><em>Between Worlds<\/em><\/p><p>Welcome to\u00a0<strong>Capuchos Festival 2025<\/strong>!<\/p><p class=\"translation-block\"><p>In its fifth consecutive edition since its revival in 2021, the <strong>Festival dos Capuchos<\/strong> presents the theme <em>Between Worlds<\/em>, offering an artistic reflection on interculturality, diversity, fascination, and dialogue across multiple dimensions\u2014civilizational, temporal, and spiritual\u2014that intertwine and reveal themselves through Music, a universal language present in all societies.<\/p><p class=\"translation-block\"><p>Between <strong>30 May and 27 June<\/strong>, Almada once again becomes the stage for this major cultural event, bringing together artists of national and international renown. Concerts will take place at the <strong>Convento dos Capuchos<\/strong>, the spiritual heart of the Festival, as well as in other venues across the city, such as the <strong>Teatro Municipal Joaquim Benite<\/strong>, the <strong>Fernando Lopes-Gra\u00e7a Auditorium<\/strong>, and, for the first time, the <strong>Parque da Paz<\/strong>, which will host an open-air symphonic concert.<\/p><p class=\"translation-block\"><p>Among the major highlights of this edition is the <strong>Portuguese debut of the Swedish Chamber Orchestra \u201cMusica Vitae\u201d<\/strong>, which will open the Festival with two concerts directed and led by the virtuoso Austrian violinist <strong>Benjamin Schmid<\/strong>. In the opening programme, works by <strong>Mozart<\/strong> and <strong>Tchaikovsky<\/strong> build bridges between traditions and geographies. In the second concert, Schmid presents his project <strong>Jazz Violin Concertos<\/strong>, which explores the fusion of classical composition and jazz improvisation, in an absolute premiere on Portuguese soil.<\/p><p class=\"translation-block\"><p>The \u201cbetween worlds\u201d spirit continues with <strong>The Naghash Ensemble of Armenia<\/strong>, in a programme that blends medieval Armenian sacred music with contemporary influences, jazz, and post-minimalism. Another remarkable moment will be the concert <strong>\u201cThe History of Tango\u201d<\/strong>, led by bandoneonist <strong>Marcelo Nisinman<\/strong>, a direct disciple of <strong>Astor Piazzolla<\/strong>, in a tribute to the roots and evolution of Argentine tango.<\/p><p class=\"translation-block\"><p>In the field of early music, the Festival presents two concerts of significant historical and poetic scope. <strong>\u201cA M\u00fasica da L\u00edrica Camoniana\u201d<\/strong>, performed by <strong>Concerto Atl\u00e2ntico<\/strong> under the direction of <strong>Pedro Caldeira Cabral<\/strong>, commemorates the 500th anniversary of the birth of Lu\u00eds de Cam\u00f5es, reviving Renaissance musical practices. Meanwhile, the <strong>Ensemble Barroco Tra Noi<\/strong> presents <strong>\u201cTelemann goes East\u201d<\/strong>, exploring the dialogue between German Baroque and the folk traditions of Eastern Europe.<\/p><p class=\"translation-block\"><p>In the realm of contemporary music and musical thought, the centenary of <strong>Pierre Boulez<\/strong> will be commemorated with a recital by clarinetist <strong>J\u00e9r\u00f4me Comte<\/strong>, soloist of the Ensemble Intercontemporain of Paris, founded by Boulez himself in 1976. The program <strong>\u201cBoulez 100\u201d<\/strong> includes works by Boulez, Berio, Donatoni, Grisey, and Stravinsky, showcasing various languages of European musical modernity. Meanwhile, the concert <strong>\u201cNoite Transfigurada\u201d<\/strong> pays tribute to <strong>Daniel Barenboim<\/strong>, bringing together soloists from the <strong>Barenboim-Said Academy and the West-Eastern Divan Orchestra<\/strong>, performing works by <strong>Brahms<\/strong> and <strong>Sch\u00f6nberg<\/strong>, symbols of a transfigured and visionary Romanticism.<\/p><p class=\"translation-block\"><p>The national presence is strongly felt with renowned names such as: the <strong>Orquestra Metropolitana de Lisboa<\/strong>, conducted by <strong>Pedro Neves<\/strong>, performing at the Parque da Paz the celebrated <strong>\u201cNew World\u201d Symphony<\/strong> by <strong>Dvo\u0159\u00e1k<\/strong>, along with works by <strong>Rossini<\/strong> and <strong>Brahms<\/strong>; the <strong>DSCH \u2013 Schostakovich Ensemble<\/strong>, presenting <strong>Dvo\u0159\u00e1k<\/strong>, <strong>Schubert<\/strong>, and the world premiere of a work by composer <strong>S\u00e9rgio Azevedo<\/strong>; the quintet <strong>100 Caminhos<\/strong>, leading an original \u201cconcert-walk\u201d through the Convento dos Capuchos. Additionally, the <strong>Jo\u00e3o Barradas Trio<\/strong> will perform <strong>Aperture<\/strong>, a contemporary jazz project with a strong compositional component.<\/p><p>No campo do piano, teremos dois recitais:\u00a0<strong>Dang Thai Son<\/strong>, lend\u00e1rio vencedor do Concurso Chopin de Vars\u00f3via, apresenta- se com um programa centrado em\u00a0<strong>Chopin\u00a0<\/strong>and\u00a0<strong>Debussy<\/strong>; e eu prestarei tributo ao g\u00e9nio po\u00e9tico e transcendental de\u00a0<strong>Franz Liszt<\/strong>, numa viagem entre o sonho, o amor e o virtuosismo.<\/p><p>O Festival dos Capuchos \u00e9 tamb\u00e9m um espa\u00e7o de pensamento e partilha. As\u00a0<strong>Conversas dos Capuchos<\/strong>, com curadoria de\u00a0<strong>Carlos Vaz Marques<\/strong>, antecedem o<\/p><p>Festival com tr\u00eas sess\u00f5es dedicadas ao centen\u00e1rio de<strong>\u00a0Jos\u00e9 Cardoso Pires<\/strong>, ao centen\u00e1rio da publica\u00e7\u00e3o de O Processo, de\u00a0<strong>Franz Kafka<\/strong>, e a uma reflex\u00e3o sobre o pr\u00f3prio tema do Festival &#8211;\u00a0<em>Between Worlds<\/em>.<\/p><p class=\"translation-block\"><p>Other parallel activities enrich the Festival: the <strong>Prel\u00fadios dos Capuchos<\/strong> \u2014 pre-concert talks moderated by <strong>Jo\u00e3o Almeida<\/strong>; the <strong>Caminhada dos Capuchos<\/strong> in the Protected Landscape of the Fossil Cliff of Costa da Caparica; the <strong>Guided Visit to the Convento dos Capuchos<\/strong>; and the <strong>Masterclasses dos Capuchos<\/strong>, with distinguished professors from the Universities of Salzburg, Oslo, and Lucerne.<\/p><p>Com especial alegria, apresentamos tamb\u00e9m, pela primeira vez, a iniciativa\u00a0<strong>\u00d3pera para Crian\u00e7as<\/strong>, com sess\u00f5es da \u00f3pera\u00a0<em>Bastien et Bastienne<\/em>, de\u00a0<strong>Mozart<\/strong>, numa produ\u00e7\u00e3o dirigida por\u00a0<strong>Ant\u00f3nio Wagner Diniz<\/strong>, destinada ao p\u00fablico do Pr\u00e9-Escolar e do 1.\u00ba Ciclo.<\/p><p class=\"translation-block\"><p>The realization of the <strong>Festival dos Capuchos 2025<\/strong> is made possible thanks to the support, first and foremost, of the <strong>C\u00e2mara Municipal de Almada<\/strong>, the patron <strong>BPI\/Funda\u00e7\u00e3o \u201cla Caixa\u201d<\/strong>, and the <strong>Direc\u00e7\u00e3o-Geral das Artes<\/strong>. Our thanks also go to the partners <strong>Companhia de Teatro de Almada, \u00c2mbito Cultural do El Corte Ingl\u00e9s<\/strong>, and <strong>RTP Antena 2<\/strong>. A special word of recognition is due to <strong>His Excellency the President of the Republic<\/strong> for the <strong>High Patronage<\/strong> granted to the Festival.<\/p><p>We invite you to journey with us through these sonic and symbolic \u201cworlds.\u201d\u00a0<\/p><p class=\"translation-block\"><p>May Music guide us, inspire us, and bring us together \u2013 <em>between worlds<\/em> and beyond.<\/p><p style=\"text-align: right;\"><strong>Filipe Pinto-Ribeiro<br \/><\/strong><em>Capuchos Festival Artistic Director<\/em><\/p><p><strong>\u00a0<\/strong><strong>\u00a0<\/strong><\/p><p><strong>PROGRAMA<\/strong><\/p><p><strong><u>CONCERTOS<\/u><\/strong><\/p><ul><li><em>\u00a0<\/em><strong>30 MAIO\u00a0<\/strong>6\u00aa Feira<strong> <br \/><\/strong><strong>21h00\u00a0<\/strong>Teatro Municipal Joaquim Benite<br \/><strong><u>Entre Mundos: Mozart &amp; Tchaikovsky<br \/><\/u><\/strong><u>Concerto de Abertura<\/u><\/li><\/ul><p><strong>Orquestra de C\u00e2mara Sueca \u201cMusica Vitae\u201d\u00a0<br \/><\/strong><strong>Benjamin Schmid<\/strong>\u00a0Violino e Direc\u00e7\u00e3o musical<\/p><p><strong>Wolfgang Amadeus Mozart\u00a0\u00a0\u00a0\u00a0<\/strong>Concerto para Violino e Orquestra N.\u00ba 5 KV 219, \u201cTurco\u201d<br \/><strong>Pyotr Ilytch Tchaikovsky\u00a0\u00a0\u00a0\u00a0\u00a0\u00a0<\/strong>Souvenir de Florence, Opus 70<\/p><ul><li><strong>31 MAIO\u00a0<\/strong>S\u00e1bado<strong><br \/>21h\u00a0<\/strong>Teatro Municipal Joaquim Benite<br \/><strong><u>Jazz Violin Concertos<\/u><\/strong><\/li><\/ul><p><strong>Orquestra de C\u00e2mara Sueca \u201cMusica Vitae\u201d<br \/><\/strong><strong>Benjamin Schmid<\/strong>\u00a0Violino e Direc\u00e7\u00e3o musical<\/p><p><strong>Herbert Berger \u00a0 \u00a0 \u00a0 \u00a0 \u00a0 \u00a0\u00a0<\/strong>\u201cMetropoles Suite\u201d, Concerto para Violino e Orquestra<br \/><strong>Friedrich Gulda<\/strong>\u00a0 \u00a0 \u00a0 \u00a0 \u00a0 \u201cWings\u201d, Concerto para Violino, Orquestra e Sec\u00e7\u00e3o r\u00edtmica<br \/>Obras de Kroll, Provost, Ponce, Drigo, Vale, Tchaikovsky, Khachaturian<\/p><ul><li><strong>1 JUNHO<\/strong> Domingo<br \/><strong>18h00\u00a0<\/strong>Capela do Convento dos Capuchos<br \/><strong><u>A M\u00fasica da L\u00edrica Camoniana<br \/><\/u><\/strong><u>500 anos de Cam\u00f5es<\/u><\/li><\/ul><p><strong>Concerto Atl\u00e2ntico\u00a0<br \/><\/strong><strong>Pedro Caldeira Cabral<\/strong>\u00a0dire\u00e7\u00e3o musical<\/p><p>Obras de Lu\u00eds de Cam\u00f5es, Ant\u00f3nio de Macedo, Ant\u00f3nio Carreira, Heliodoro de Paiva<\/p><ul><li><strong>4 JUNHO\u00a0<\/strong>4\u00aa Feira<br \/><strong>21h00\u00a0<\/strong>Convento dos Capuchos<br \/><strong><u>Chopin &amp; Debussy <br \/><\/u><\/strong><u>Recital de Piano<\/u><\/li><\/ul><p><strong>Dang Thai Son\u00a0<\/strong>Piano<\/p><p><strong>Claude Debussy \u00a0 \u00a0 \u00a0\u00a0\u00a0\u00a0\u00a0<\/strong>R\u00eaverie, Images, Masques, Children\u2019s Corner<br \/><strong>Fr\u00e9d\u00e9ric Chopin\u00a0 \u00a0\u00a0\u00a0\u00a0\u00a0\u00a0\u00a0\u00a0<\/strong>Nocturnos, Barcarola, Valsas, Scherzo\u00a0<\/p><ul><li><strong>7 JUNHO\u00a0<\/strong>S\u00e1bado<br \/><strong>21h<\/strong> Teatro Municipal Joaquim Benite<br \/><strong><u>Songs of Exile<br \/><\/u><\/strong><u>The Naghash Ensemble of Armenia<\/u><\/li><\/ul><p><strong>Hasmik Baghdasaryan<\/strong>\u00a0Soprano<br \/><strong>Tatevik Movsesyan<\/strong>\u00a0Soprano<br \/><strong>Shahane Zalyan<\/strong>\u00a0Contralto<br \/><strong>Harutyun Chkolyan<\/strong>\u00a0Duduk<br \/><strong>Aram Nikoghosyan<\/strong>\u00a0Oud<br \/><strong>Tigran Hovhannisyan\u00a0<\/strong>Dhol, dumbek, daf<br \/><strong>John Hodian<\/strong>\u00a0Piano<\/p><ul><li><strong>8 JUNHO\u00a0<\/strong>Domingo<br \/><strong>18h00\u00a0<\/strong>Convento dos Capuchos<br \/><strong><u>A Hist\u00f3ria do Tango<br \/><\/u><\/strong><u>Piazzolla &amp; Nisinman<\/u><\/li><\/ul><p><strong>Marcelo Nisinman<\/strong>\u00a0Bandone\u00f3n<br \/><strong>Chen Halevi\u00a0<\/strong>Clarinete<br \/><strong>Tiago Pinto-Ribeiro\u00a0<\/strong>Contrabaixo<br \/><strong>Rosa Maria Barrantes\u00a0<\/strong>Piano<\/p><p>Obras de Astor Piazzolla, Pedro Datta, Carlos Gardel, Rosendo Mendiz\u00e1bal e Marcelo Nisinman<\/p><ul><li><strong>13 JUNHO<\/strong> 6\u00aa feira\u00a0\u00a0<br \/><strong>21h00\u00a0<\/strong>Audit\u00f3rio Fernando Lopes-Gra\u00e7a<br \/><strong><u>Aperture<br \/><\/u><\/strong><u>Jo\u00e3o Barradas Trio<\/u><\/li><\/ul><p><strong>Jo\u00e3o Barradas<\/strong>\u00a0Acorde\u00e3o<br \/><strong>Bruno Pedroso<\/strong>\u00a0Bateria<br \/><strong>Andr\u00e9 Rosinha<\/strong>\u00a0Contrabaixo<u><br \/><\/u><\/p><ul><li><strong>14 JUNHO<\/strong> S\u00e1bado<br \/><strong>18h00\u00a0<\/strong>Convento dos Capuchos<br \/><strong><u>Promenade dos Capuchos<br \/><\/u><\/strong><u>100 Caminhos<\/u><\/li><\/ul><p><strong>Carolina Alves\u00a0<\/strong>Trompete<br \/><strong>Jo\u00e3o Moreira\u00a0<\/strong>Trompete<br \/><strong>Lu\u00eds Vieira<\/strong>\u00a0Trompa<br \/><strong>Hugo Assun\u00e7\u00e3o\u00a0<\/strong>Trombone<br \/><strong>Joaquim Rocha<\/strong>\u00a0Trombone<\/p><p>Obras de Tomaso Albinoni, Rose Roberts, George Dousis, Anthony DiLorenzo e Telmo Marques<\/p><p><em>\u00a0<\/em><\/p><ul><li><strong>14 JUNHO<\/strong> S\u00e1bado<br \/><strong>21h00\u00a0<\/strong>Convento dos Capuchos<br \/><strong><u>Liszt: O Poeta do Piano<br \/><\/u><\/strong><strong>Filipe Pinto-Ribeiro\u00a0<\/strong>Piano<\/li><\/ul><p><strong>Franz Liszt<\/strong>\u00a0\u00a0 \u00a0 \u00a0 Raps\u00f3dia H\u00fangara N.\u00ba 12, Soneto de Petrarca 123 del Petrarca, Sonho de Amor N.\u00ba 3, Valse Oubli\u00e9e N.\u00ba 1, Consolation N.\u00ba 3, Sonata \u201cDante\u201d<\/p><p><strong>\u00a0<\/strong><\/p><ul><li><strong>15 JUNHO\u00a0<\/strong>Domingo<br \/><strong>18h00\u00a0<\/strong>Capela do Convento dos Capuchos<br \/><strong><u>Telemann goes East<br \/><\/u><\/strong><u>Ensemble Barroco Tra Noi<\/u><\/li><\/ul><p><strong>Rafaela Salgado<\/strong>\u00a0Cravo<br \/><strong>Daria Spiridonova\u00a0<\/strong>Violin<br \/><strong>Silvia Berchtold\u00a0<\/strong>Flauta<br \/><strong>Bianca Cucini\u00a0<\/strong>Viola da gamba<\/p><p>Obras de Georg Philipp Telemann<\/p><ul><li><strong>19 JUNHO<\/strong> 5\u00aa feira\u00a0<br \/><strong>19h00\u00a0<\/strong>Convento dos Capuchos<br \/><strong><u>Boulez 100<br \/><\/u><\/strong><u>Homenagem a Pierre Boulez<\/u><\/li><\/ul><p><strong>J\u00e9r\u00f4me Comte<\/strong>\u00a0Clarinete<\/p><p>Obras de Pierre Boulez, Luciano Berio, Franco Donatoni, G\u00e9rard Grisey e Igor Stravinsky<\/p><ul><li><strong>20 JUNHO\u00a0<\/strong>6\u00aa Feira<br \/><strong>21h00<\/strong> Convento dos Capuchos<br \/><strong><u>Noite Transfigurada<br \/><\/u><\/strong><u>Tributo a Daniel Barenboim<\/u><\/li><\/ul><p><strong>Solistas da Academia Barenboim-Said &amp; da West East Divan Orchestra<br \/><\/strong><strong>Mihaela Martin<\/strong>\u00a0Violin<br \/><strong>Yulia Deyneka<\/strong>\u00a0Viola<br \/><strong>Frans Helmerson\u00a0<\/strong>Cello<br \/><strong>Semaan Wehbe\u00a0<\/strong>Violin<br \/><strong>Sara Umanskaya\u00a0<\/strong>Viola<br \/><strong>Parya Moulaei\u00a0<\/strong>Cello<\/p><p><strong>\u00a0<\/strong><\/p><p><strong>Johannes Brahms\u00a0 \u00a0\u00a0\u00a0\u00a0<\/strong>\u00a0 \u00a0 \u00a0 \u00a0 \u00a0\u00a0\u00a0\u00a0 Sexteto N.\u00ba 1 Opus 18<br \/><strong>Arnold Sch\u00f6nberg\u00a0 \u00a0 \u00a0 \u00a0 \u00a0 \u00a0 \u00a0 \u00a0\u00a0\u00a0\u00a0\u00a0<\/strong>Noite Transfigurada, Opus 4<\/p><ul><li><strong>21 JUNHO\u00a0<\/strong>S\u00e1bado<br \/><strong>21h00<\/strong> Parque da Paz<br \/><strong><u>Sinfonia do Novo Mundo<br \/><\/u><\/strong><u>Concerto de Encerramento<\/u><\/li><\/ul><p><strong>Orquestra Metropolitana de Lisboa<br \/><\/strong><strong>Pedro Neves<\/strong>\u00a0Direc\u00e7\u00e3o Musical<\/p><p><strong>Gioachino Rossini\u00a0<\/strong>\u00a0\u00a0\u00a0\u00a0\u00a0\u00a0\u00a0\u00a0\u00a0\u00a0\u00a0\u00a0\u00a0\u00a0\u00a0\u00a0\u00a0 Abertura da \u00f3pera \u201cGuilherme Tell\u201d<br \/><strong>Johannes Brahms<\/strong>\u00a0 \u00a0 \u00a0 \u00a0 \u00a0 \u00a0 \u00a0 \u00a0\u00a0\u00a0\u00a0 Dan\u00e7as H\u00fangaras N.\u00ba 5 e N.\u00ba 6<br \/><strong>Anton\u00edn\u00a0<\/strong><strong>Dvo\u0159\u00e1k\u00a0<\/strong><em>\u00a0\u00a0\u00a0\u00a0\u00a0\u00a0\u00a0\u00a0\u00a0\u00a0\u00a0\u00a0\u00a0\u00a0\u00a0\u00a0\u00a0\u00a0\u00a0\u00a0\u00a0\u00a0\u00a0<\/em>Sinfonia N.\u00ba 9 Opus 95, \u201cDo Novo Mundo\u201d<\/p><ul><li><strong>27 JUNHO\u00a0<\/strong>6\u00aa Feira<br \/><strong>21h00\u00a0<\/strong>Convento dos Capuchos<br \/><strong><u>Posl\u00fadio dos Capuchos<\/u><\/strong><\/li><\/ul><p>DSCH \u2013 Schostakovich Ensemble<br \/><strong>Filipe Pinto-Ribeiro<\/strong>\u00a0Piano<br \/><strong>Esther Hoppe<\/strong>\u00a0Violin<br \/><strong>Lars Anders Tomter\u00a0<\/strong>Viola<br \/><strong>Christian Polt\u00e9ra<\/strong>\u00a0Cello<br \/><strong>Tiago Pinto-Ribeiro<\/strong>\u00a0Contrabaixo<\/p><p><strong>Anton\u00edn Dvo\u0159\u00e1k\u00a0<\/strong>\u00a0<strong>\u00a0\u00a0\u00a0\u00a0\u00a0\u00a0\u00a0\u00a0\u00a0\u00a0\u00a0\u00a0\u00a0\u00a0\u00a0\u00a0\u00a0\u00a0\u00a0\u00a0\u00a0\u00a0<\/strong>Quarteto com Piano N.\u00ba 1, Opus 23<br \/><strong>S\u00e9rgio Azevedo\u00a0 \u00a0 \u00a0 \u00a0 \u00a0 \u00a0 \u00a0 \u00a0 \u00a0 \u00a0\u00a0\u00a0\u00a0\u00a0\u00a0<\/strong>Pe\u00e7a para Contrabaixo Solo (estreia absoluta)<br \/><strong>Franz Schubert\u00a0<\/strong>\u00a0\u00a0\u00a0\u00a0\u00a0\u00a0\u00a0\u00a0\u00a0\u00a0\u00a0\u00a0\u00a0\u00a0\u00a0\u00a0\u00a0\u00a0\u00a0\u00a0\u00a0\u00a0 Quinteto com Piano D 667 \u201cA Truta\u201d<\/p><p><strong>\u00a0<\/strong><\/p><p><strong>ACTIVIDADES<\/strong><\/p><p><strong><u>CONVERSAS DOS CAPUCHOS<\/u><\/strong><\/p><p><strong>Curadoria de Carlos Vaz Marques<\/strong><\/p><ul><li><strong>7 de Maio<\/strong>\u00a018h30 4\u00aa Feira || \u00c2mbito Cultural El Corte Ingl\u00e9s Lisboa<\/li><\/ul><p><strong>CONVERSA DOS CAPUCHOS 1\u00a0<\/strong><\/p><p><strong>\u201cCenten\u00e1rio Jos\u00e9 Cardoso Pires\u201d<\/strong><\/p><p>with\u00a0<strong>Bruno Vieira Amaral, Marco Neves e Carlos Vaz Marques<\/strong><\/p><ul><li><strong>14 de Maio<\/strong>\u00a018h30 4\u00aa Feira || \u00c2mbito Cultural El Corte Ingl\u00e9s Lisboa<\/li><\/ul><p><strong>CONVERSA DOS CAPUCHOS 2<\/strong><\/p><p><strong>\u201cCenten\u00e1rio da publica\u00e7\u00e3o de \u201cO Processo\u201d, de Franz Kafka\u201d<\/strong><\/p><p>Com<strong>\u00a0\u00c1lvaro Laborinho L\u00facio, Julieta Monginho e Carlos Vaz Marques<\/strong><\/p><ul><li><strong>21 de Maio<\/strong>\u00a018h30 4\u00aa Feira || \u00c2mbito Cultural El Corte Ingl\u00e9s Lisboa<\/li><\/ul><p><strong>CONVERSA DOS CAPUCHOS 3\u00a0<\/strong><\/p><p><strong>\u201cEntre Mundos: diversidade, identidade, di\u00e1logo e influ\u00eancia\u201d<\/strong><\/p><p>Com<strong>\u00a0Djaimilia Pereira de Almeida, Richard Zimler e Carlos Vaz Marques<\/strong><\/p><p><strong>\u00a0<\/strong><\/p><p><strong>\u00a0<\/strong><\/p><p><strong><u>\u00d3PERA PARA CRIAN\u00c7AS<\/u><\/strong><\/p><p><strong>Direc\u00e7\u00e3o musical de Ant\u00f3nio Wagner Diniz<\/strong><\/p><ul><li><strong>29 MAIO<\/strong>\u00a014h30 5\u00aa Feira || Convento dos Capuchos<\/li><\/ul><p><strong>Wolfgang Amadeus Mozart\u00a0<\/strong>Bastien e Bastienne\u00a0KV 50<\/p><p><strong>Ant\u00f3nio Geraldo\u00a0<\/strong>Bastien<br \/><strong>Laura Matadinho Martins\u00a0<\/strong>Bastienne<br \/><strong>Diogo Chaves\u00a0<\/strong>Colas<br \/><strong>Pedro Vieira de Almeida\u00a0<\/strong>Pianista<br \/><strong>Afonso Cardoso\u00a0<\/strong>Animador<\/p><p><strong><u>PREL\u00daDIOS DOS CAPUCHOS<\/u><\/strong><\/p><ul><li><strong>31 de Maio<\/strong>\u00a018h00 S\u00e1bado || Teatro Municipal Joaquim Benite<\/li><\/ul><p><strong>PREL\u00daDIO DOS CAPUCHOS 1\u00a0\u00a0<\/strong><\/p><p><strong>\u201cEntre Mundos: Sobre o Festival dos Capuchos 2025\u201d<br \/><\/strong>Conversa pr\u00e9-concerto com\u00a0<strong>Jo\u00e3o Almeida e Filipe Pinto-Ribeiro<\/strong><\/p><ul><li><strong>7 de Junho<\/strong>\u00a018h00 S\u00e1bado || Teatro Municipal Joaquim Benite<\/li><\/ul><p><strong>PREL\u00daDIO DOS CAPUCHOS 2<\/strong><\/p><p><strong>\u201cSobre o The Naghash Ensemble of Armenia\u201d<br \/><\/strong>Conversa pr\u00e9-concerto com\u00a0<strong>Jo\u00e3o Almeida<\/strong>\u00a0<strong>e John Hodian<\/strong><\/p><ul><li><strong>19 de Junho<\/strong>\u00a017h00 5\u00aa Feira || Convento dos Capuchos<\/li><\/ul><p><strong>PREL\u00daDIO DOS CAPUCHOS 3<\/strong><\/p><p><strong>\u201cSobre Pierre Boulez, no centen\u00e1rio do seu nascimento\u201d<br \/><\/strong>Conversa pr\u00e9-concerto com\u00a0<strong>Jo\u00e3o Almeida e S\u00e9rgio Azevedo<\/strong><\/p><p><strong><u>CAMINHADA DOS CAPUCHOS<\/u><\/strong><\/p><ul><li><strong>7 de Junho<\/strong>\u00a010h00 S\u00e1bado<\/li><\/ul><p>Paisagem Protegida da Arriba F\u00f3ssil da Costa da Caparica<\/p><p><strong><u>VISITA DOS CAPUCHOS<\/u><\/strong><\/p><ul><li><strong>19 de Junho\u00a0<\/strong>15h00 5\u00aa Feira || Convento dos Capuchos<\/li><\/ul><p>Visita guiada ao patrim\u00f3nio hist\u00f3rico do Convento dos Capuchos<\/p><p><em>\u00a0<\/em><\/p><p><strong><u>MASTERCLASSES DOS CAPUCHOS<\/u><\/strong><\/p><ul><li><strong>28 de Junho<\/strong>\u00a010h00 S\u00e1bado || Convento dos Capuchos<\/li><\/ul><p><strong>Violin<\/strong>\u00a0: com<strong>\u00a0Esther Hoppe<\/strong>,\u00a0 Professora na Universidade de Salzburgo<br \/><strong>Viola<\/strong>\u00a0: com\u00a0<strong>Lars Anders Tomter<\/strong>,\u00a0 Professor na Universidade de Oslo<br \/><strong>Cello<\/strong>\u00a0: com<strong>\u00a0Christian Polt\u00e9ra,\u00a0<\/strong>Professor na Universidade de Lucerna<\/p><p><strong>Toda a informa\u00e7\u00e3o em:\u00a0<a href=\"https:\/\/festivalcapuchos.com\/\" target=\"_blank\" rel=\"noopener\">FESTIVALCAPUCHOS.COM<\/a><\/strong><\/p>\t\t\t\t\t\t\t\t<\/div>\n\t\t\t\t<\/div>\n\t\t\t\t<div class=\"elementor-element elementor-element-6b1a42e8 elementor-widget elementor-widget-spacer\" data-id=\"6b1a42e8\" data-element_type=\"widget\" data-e-type=\"widget\" data-widget_type=\"spacer.default\">\n\t\t\t\t<div class=\"elementor-widget-container\">\n\t\t\t\t\t\t\t<div class=\"elementor-spacer\">\n\t\t\t<div class=\"elementor-spacer-inner\"><\/div>\n\t\t<\/div>\n\t\t\t\t\t\t<\/div>\n\t\t\t\t<\/div>\n\t\t\t\t\t<\/div>\n\t\t<\/div>\n\t\t\t\t\t<\/div>\n\t\t<\/section>\n\t\t\t\t<\/div>","protected":false},"excerpt":{"rendered":"<p>12.04.2025 Festival de M\u00fasica dos Capuchos 2025 30 MAIO a 27 JUNHO 2025Almada \u2013 Portugal \u00a0 Director Art\u00edstico: Filipe Pinto-Ribeiro Toda a informa\u00e7\u00e3o em:\u00a0FESTIVALCAPUCHOS.COM Festival dos Capuchos 2025Entre Mundos Bem-vindos ao\u00a0Festival dos Capuchos 2025! Na sua quinta edi\u00e7\u00e3o consecutiva, ap\u00f3s o ressurgimento em 2021, o\u00a0Festival dos Capuchos\u00a0apresenta o tema Entre Mundos e prop\u00f5e uma reflex\u00e3o&#8230;<\/p>","protected":false},"author":3,"featured_media":0,"parent":0,"menu_order":0,"comment_status":"closed","ping_status":"closed","template":"","meta":{"footnotes":""},"class_list":["post-1596","page","type-page","status-publish","hentry"],"aioseo_notices":[],"_links":{"self":[{"href":"https:\/\/dsch.pt\/en\/wp-json\/wp\/v2\/pages\/1596","targetHints":{"allow":["GET"]}}],"collection":[{"href":"https:\/\/dsch.pt\/en\/wp-json\/wp\/v2\/pages"}],"about":[{"href":"https:\/\/dsch.pt\/en\/wp-json\/wp\/v2\/types\/page"}],"author":[{"embeddable":true,"href":"https:\/\/dsch.pt\/en\/wp-json\/wp\/v2\/users\/3"}],"replies":[{"embeddable":true,"href":"https:\/\/dsch.pt\/en\/wp-json\/wp\/v2\/comments?post=1596"}],"version-history":[{"count":19,"href":"https:\/\/dsch.pt\/en\/wp-json\/wp\/v2\/pages\/1596\/revisions"}],"predecessor-version":[{"id":1620,"href":"https:\/\/dsch.pt\/en\/wp-json\/wp\/v2\/pages\/1596\/revisions\/1620"}],"wp:attachment":[{"href":"https:\/\/dsch.pt\/en\/wp-json\/wp\/v2\/media?parent=1596"}],"curies":[{"name":"wp","href":"https:\/\/api.w.org\/{rel}","templated":true}]}}