{"id":1641,"date":"2025-09-12T10:05:39","date_gmt":"2025-09-12T10:05:39","guid":{"rendered":"https:\/\/dsch.pt\/?page_id=1641"},"modified":"2025-09-12T10:08:48","modified_gmt":"2025-09-12T10:08:48","slug":"verao-classico-2025","status":"publish","type":"page","link":"https:\/\/dsch.pt\/en\/verao-classico-2025\/","title":{"rendered":"Ver\u00e3o Cl\u00e1ssico 2025"},"content":{"rendered":"<div data-elementor-type=\"wp-page\" data-elementor-id=\"1641\" class=\"elementor elementor-1641\">\n\t\t\t\t\t\t<section class=\"elementor-section elementor-top-section elementor-element elementor-element-23404b9 elementor-section-boxed elementor-section-height-default elementor-section-height-default\" data-id=\"23404b9\" data-element_type=\"section\" data-e-type=\"section\">\n\t\t\t\t\t\t<div class=\"elementor-container elementor-column-gap-default\">\n\t\t\t\t\t<div class=\"elementor-column elementor-col-100 elementor-top-column elementor-element elementor-element-36e0c60\" data-id=\"36e0c60\" data-element_type=\"column\" data-e-type=\"column\">\n\t\t\t<div class=\"elementor-widget-wrap elementor-element-populated\">\n\t\t\t\t\t\t<div class=\"elementor-element elementor-element-db43479 elementor-widget elementor-widget-spacer\" data-id=\"db43479\" data-element_type=\"widget\" data-e-type=\"widget\" data-widget_type=\"spacer.default\">\n\t\t\t\t<div class=\"elementor-widget-container\">\n\t\t\t\t\t\t\t<div class=\"elementor-spacer\">\n\t\t\t<div class=\"elementor-spacer-inner\"><\/div>\n\t\t<\/div>\n\t\t\t\t\t\t<\/div>\n\t\t\t\t<\/div>\n\t\t\t\t\t<\/div>\n\t\t<\/div>\n\t\t\t\t\t<\/div>\n\t\t<\/section>\n\t\t\t\t<section class=\"elementor-section elementor-top-section elementor-element elementor-element-58d5846 elementor-section-boxed elementor-section-height-default elementor-section-height-default\" data-id=\"58d5846\" data-element_type=\"section\" data-e-type=\"section\">\n\t\t\t\t\t\t<div class=\"elementor-container elementor-column-gap-default\">\n\t\t\t\t\t<div class=\"elementor-column elementor-col-33 elementor-top-column elementor-element elementor-element-ce79643\" data-id=\"ce79643\" data-element_type=\"column\" data-e-type=\"column\">\n\t\t\t<div class=\"elementor-widget-wrap elementor-element-populated\">\n\t\t\t\t\t\t<div class=\"elementor-element elementor-element-2377c699 elementor-widget elementor-widget-spacer\" data-id=\"2377c699\" data-element_type=\"widget\" data-e-type=\"widget\" data-widget_type=\"spacer.default\">\n\t\t\t\t<div class=\"elementor-widget-container\">\n\t\t\t\t\t\t\t<div class=\"elementor-spacer\">\n\t\t\t<div class=\"elementor-spacer-inner\"><\/div>\n\t\t<\/div>\n\t\t\t\t\t\t<\/div>\n\t\t\t\t<\/div>\n\t\t\t\t<div class=\"elementor-element elementor-element-ab5c6fb elementor-widget elementor-widget-image\" data-id=\"ab5c6fb\" data-element_type=\"widget\" data-e-type=\"widget\" data-widget_type=\"image.default\">\n\t\t\t\t<div class=\"elementor-widget-container\">\n\t\t\t\t\t\t\t\t\t\t\t\t\t\t\t<img fetchpriority=\"high\" decoding=\"async\" width=\"800\" height=\"163\" src=\"https:\/\/dsch.pt\/wp-content\/uploads\/2025\/02\/VC2025_BAIXO-FINAL-1024x208.png\" class=\"attachment-large size-large wp-image-1562\" alt=\"\" srcset=\"https:\/\/dsch.pt\/wp-content\/uploads\/2025\/02\/VC2025_BAIXO-FINAL-1024x208.png 1024w, https:\/\/dsch.pt\/wp-content\/uploads\/2025\/02\/VC2025_BAIXO-FINAL-300x61.png 300w, https:\/\/dsch.pt\/wp-content\/uploads\/2025\/02\/VC2025_BAIXO-FINAL-768x156.png 768w, https:\/\/dsch.pt\/wp-content\/uploads\/2025\/02\/VC2025_BAIXO-FINAL-1536x313.png 1536w, https:\/\/dsch.pt\/wp-content\/uploads\/2025\/02\/VC2025_BAIXO-FINAL-2048x417.png 2048w\" sizes=\"(max-width: 800px) 100vw, 800px\" \/>\t\t\t\t\t\t\t\t\t\t\t\t\t\t\t<\/div>\n\t\t\t\t<\/div>\n\t\t\t\t\t<\/div>\n\t\t<\/div>\n\t\t\t\t<div class=\"elementor-column elementor-col-66 elementor-top-column elementor-element elementor-element-12c420c\" data-id=\"12c420c\" data-element_type=\"column\" data-e-type=\"column\">\n\t\t\t<div class=\"elementor-widget-wrap\">\n\t\t\t\t\t\t\t<\/div>\n\t\t<\/div>\n\t\t\t\t\t<\/div>\n\t\t<\/section>\n\t\t\t\t<section class=\"elementor-section elementor-top-section elementor-element elementor-element-50a34372 elementor-section-boxed elementor-section-height-default elementor-section-height-default\" data-id=\"50a34372\" data-element_type=\"section\" data-e-type=\"section\">\n\t\t\t\t\t\t<div class=\"elementor-container elementor-column-gap-default\">\n\t\t\t\t\t<div class=\"elementor-column elementor-col-100 elementor-top-column elementor-element elementor-element-2b8fdc1f\" data-id=\"2b8fdc1f\" data-element_type=\"column\" data-e-type=\"column\">\n\t\t\t<div class=\"elementor-widget-wrap elementor-element-populated\">\n\t\t\t\t\t\t<div class=\"elementor-element elementor-element-7ee1108 elementor-widget elementor-widget-spacer\" data-id=\"7ee1108\" data-element_type=\"widget\" data-e-type=\"widget\" data-widget_type=\"spacer.default\">\n\t\t\t\t<div class=\"elementor-widget-container\">\n\t\t\t\t\t\t\t<div class=\"elementor-spacer\">\n\t\t\t<div class=\"elementor-spacer-inner\"><\/div>\n\t\t<\/div>\n\t\t\t\t\t\t<\/div>\n\t\t\t\t<\/div>\n\t\t\t\t<div class=\"elementor-element elementor-element-67af34 elementor-widget__width-initial elementor-widget elementor-widget-text-editor\" data-id=\"67af34\" data-element_type=\"widget\" data-e-type=\"widget\" data-widget_type=\"text-editor.default\">\n\t\t\t\t<div class=\"elementor-widget-container\">\n\t\t\t\t\t\t\t\t\t<h1><strong>Festival e Academia Ver\u00e3o Cl\u00e1ssico<\/strong><\/h1><p><b>11\u00aa edi\u00e7\u00e3o, 2025<\/b><b><br \/><\/b><\/p><p><span style=\"font-weight: 400;\">Fundado em 2015, o VER\u00c3O CL\u00c1SSICO celebra em 2025 a sua 11.\u00aa edi\u00e7\u00e3o, mantendo vivos os ideais que o inspiram desde o primeiro dia: excel\u00eancia, partilha e comunh\u00e3o entre m\u00fasicos consagrados e jovens talentos de todo o mundo \u2014 e tamb\u00e9m com o p\u00fablico! \u2014, unidos pela extraordin\u00e1ria linguagem universal que \u00e9 a M\u00fasica.<\/span><\/p><p><span style=\"font-weight: 400;\">Este ano, os concertos do VER\u00c3O CL\u00c1SSICO regressam ao Centro Cultural de Bel\u00e9m &#8211; a \u201ccasa\u201d do Festival nas suas primeiras cinco edi\u00e7\u00f5es &#8211; e ao Museu Nacional dos Coches. Como tem ocorrido desde 2021, as Masterclasses decorrem na Escola Art\u00edstica de M\u00fasica do Conservat\u00f3rio Nacional e na Escola Secund\u00e1ria Marqu\u00eas de Pombal.<\/span><\/p><p><span style=\"font-weight: 400;\">O 11.\u00ba Festival VER\u00c3O CL\u00c1SSICO apresenta dez concertos entre 23 de julho e 2 de agosto, com programas variados e apelativos. Destacam-se os quatro concertos Master Fest, com grandes solistas internacionais: os concertos de abertura e de encerramento e dois programas especialmente dedicados a Franz Schubert e a Robert Schumann. A estes juntam-se os seis concertos Talent Fest, protagonizados pelos jovens m\u00fasicos selecionados para as Masterclasses da Academia VER\u00c3O CL\u00c1SSICO 2025, muitos deles j\u00e1 premiados em concursos nacionais e internacionais.<\/span><\/p><p><span style=\"font-weight: 400;\">Desde a primeira edi\u00e7\u00e3o, o VER\u00c3O CL\u00c1SSICO promove, em paralelo com os concertos, centenas de masterclasses &#8211; aulas abertas focadas na t\u00e9cnica e interpreta\u00e7\u00e3o musical &#8211; orientadas por m\u00fasicos e pedagogos de prest\u00edgio internacional. Nesta edi\u00e7\u00e3o, estes prov\u00eam de institui\u00e7\u00f5es de refer\u00eancia como a Orquestra Filarm\u00f3nica de Berlim, a Capela Musical Rainha Elisabeth, a \u00d3pera Estatal de Berlim, a Escola Superior Reina Sof\u00eda de Madrid, e ainda dos Conservat\u00f3rios e Universidades de Viena, Munique, Oslo, Lucerna, Graz, Zurique, Berlim&#8230;<\/span><\/p><p><span style=\"font-weight: 400;\">Para esta 11.\u00aa edi\u00e7\u00e3o, recebemos novamente centenas de candidaturas de todo o mundo, das quais foram selecionados cerca de 200 jovens m\u00fasicos, oriundos de mais de 30 pa\u00edses, incluindo Alemanha, Austr\u00e1lia, \u00c1ustria, B\u00e9lgica, Brasil, Canad\u00e1, China, Coreia do Sul, Dinamarca, Espanha, EUA, Finl\u00e2ndia, Fran\u00e7a, Hungria, Irlanda, Israel, It\u00e1lia, Jap\u00e3o, M\u00e9xico, Mo\u00e7ambique, Montenegro, Pa\u00edses Baixos, Peru, Pol\u00f3nia, Portugal, Reino Unido, S\u00e9rvia, Su\u00e9cia, Su\u00ed\u00e7a e Turquia.<\/span><\/p><p><span style=\"font-weight: 400;\">Em 2025, assinalamos ainda a estreia no VER\u00c3O CL\u00c1SSICO de tr\u00eas artistas de renome internacional: o tenor Werner G\u00fcra, a violinista Lena Neudauer e a clarinetista Annelien Van Wauwe.<\/span><\/p><p><span style=\"font-weight: 400;\">Como \u00e9 habitual, contamos com o regresso de m\u00fasicos de excel\u00eancia mundial que personificam o esp\u00edrito de \u201cfam\u00edlia musical\u201d que define o VER\u00c3O CL\u00c1SSICO: o violetista G\u00e9rard Causs\u00e9 e o violoncelista Gary Hoffman, que estiveram presentes logo na primeira edi\u00e7\u00e3o; a pianista Milana Chernyavska; os violinistas Stephan Picard e Eszter Haffner; o violetista Lars Anders Tomter; o contrabaixista Janne Saksala e a soprano Anna Samuil.<\/span><\/p><p><span style=\"font-weight: 400;\">E, <\/span><i><span style=\"font-weight: 400;\">last but not least<\/span><\/i><span style=\"font-weight: 400;\">, destacamos com entusiasmo a presen\u00e7a, pela primeira vez, de uma das grandes figuras do ensino violin\u00edstico internacional: a lend\u00e1ria violinista e pedagoga Ana Chumachenco.<\/span><\/p><p><span style=\"font-weight: 400;\">Uma equipa extraordin\u00e1ria de m\u00fasicos e professores que nos enche de orgulho e reflete a excel\u00eancia do VER\u00c3O CL\u00c1SSICO como um dos mais prestigiados e requisitados festivais e academias do mundo.<\/span><\/p><p><span style=\"font-weight: 400;\">O meu sincero agradecimento a todos os que tornam poss\u00edvel a realiza\u00e7\u00e3o da 11.\u00aa edi\u00e7\u00e3o do VER\u00c3O CL\u00c1SSICO &#8211; desde logo, \u00e0 equipa da DSCH Associa\u00e7\u00e3o Musical, aos parceiros institucionais, e aos patrocinadores que se associam a esta celebra\u00e7\u00e3o musical \u00fanica.<\/span><\/p><p><span style=\"font-weight: 400;\">Votos de um excelente VER\u00c3O CL\u00c1SSICO 2025!<\/span><\/p><p style=\"text-align: right;\"><b>Filipe Pinto-Ribeiro<\/b><b><br \/><\/b>Diretor Art\u00edstico e Pedag\u00f3gico do Ver\u00e3o Cl\u00e1ssico<\/p><p>More information <strong><a href=\"https:\/\/veraoclassico.com\/\" target=\"_blank\" rel=\"noopener\">aqui<\/a><\/strong><\/p><p>info@veraoclassico.com<\/p>\t\t\t\t\t\t\t\t<\/div>\n\t\t\t\t<\/div>\n\t\t\t\t<div class=\"elementor-element elementor-element-adc4f63 elementor-shape-circle e-grid-align-left elementor-grid-0 elementor-widget elementor-widget-social-icons\" data-id=\"adc4f63\" data-element_type=\"widget\" data-e-type=\"widget\" data-widget_type=\"social-icons.default\">\n\t\t\t\t<div class=\"elementor-widget-container\">\n\t\t\t\t\t\t\t<div class=\"elementor-social-icons-wrapper elementor-grid\" role=\"list\">\n\t\t\t\t\t\t\t<span class=\"elementor-grid-item\" role=\"listitem\">\n\t\t\t\t\t<a class=\"elementor-icon elementor-social-icon elementor-social-icon-facebook elementor-repeater-item-e27b4a0\" href=\"https:\/\/www.facebook.com\/VeraoClassico\" target=\"_blank\">\n\t\t\t\t\t\t<span class=\"elementor-screen-only\">Facebook<\/span>\n\t\t\t\t\t\t<i aria-hidden=\"true\" class=\"fab fa-facebook\"><\/i>\t\t\t\t\t<\/a>\n\t\t\t\t<\/span>\n\t\t\t\t\t\t\t<span class=\"elementor-grid-item\" role=\"listitem\">\n\t\t\t\t\t<a class=\"elementor-icon elementor-social-icon elementor-social-icon-instagram elementor-repeater-item-76a4074\" href=\"https:\/\/www.instagram.com\/veraoclassico\/\" target=\"_blank\">\n\t\t\t\t\t\t<span class=\"elementor-screen-only\">Instagram<\/span>\n\t\t\t\t\t\t<i aria-hidden=\"true\" class=\"fab fa-instagram\"><\/i>\t\t\t\t\t<\/a>\n\t\t\t\t<\/span>\n\t\t\t\t\t\t\t<span class=\"elementor-grid-item\" role=\"listitem\">\n\t\t\t\t\t<a class=\"elementor-icon elementor-social-icon elementor-social-icon-youtube elementor-repeater-item-dc80fea\" href=\"https:\/\/www.youtube.com\/@veraoclassico\/featured\" target=\"_blank\">\n\t\t\t\t\t\t<span class=\"elementor-screen-only\">Youtube<\/span>\n\t\t\t\t\t\t<i aria-hidden=\"true\" class=\"fab fa-youtube\"><\/i>\t\t\t\t\t<\/a>\n\t\t\t\t<\/span>\n\t\t\t\t\t<\/div>\n\t\t\t\t\t\t<\/div>\n\t\t\t\t<\/div>\n\t\t\t\t<div class=\"elementor-element elementor-element-397cedac elementor-widget elementor-widget-spacer\" data-id=\"397cedac\" data-element_type=\"widget\" data-e-type=\"widget\" data-widget_type=\"spacer.default\">\n\t\t\t\t<div class=\"elementor-widget-container\">\n\t\t\t\t\t\t\t<div class=\"elementor-spacer\">\n\t\t\t<div class=\"elementor-spacer-inner\"><\/div>\n\t\t<\/div>\n\t\t\t\t\t\t<\/div>\n\t\t\t\t<\/div>\n\t\t\t\t\t<\/div>\n\t\t<\/div>\n\t\t\t\t\t<\/div>\n\t\t<\/section>\n\t\t\t\t<section class=\"elementor-section elementor-top-section elementor-element elementor-element-20b6ed6 elementor-section-boxed elementor-section-height-default elementor-section-height-default\" data-id=\"20b6ed6\" data-element_type=\"section\" data-e-type=\"section\">\n\t\t\t\t\t\t<div class=\"elementor-container elementor-column-gap-default\">\n\t\t\t\t\t<div class=\"elementor-column elementor-col-100 elementor-top-column elementor-element elementor-element-c9f64d0\" data-id=\"c9f64d0\" data-element_type=\"column\" data-e-type=\"column\">\n\t\t\t<div class=\"elementor-widget-wrap elementor-element-populated\">\n\t\t\t\t\t\t<div class=\"elementor-element elementor-element-b265122 elementor-widget elementor-widget-spacer\" data-id=\"b265122\" data-element_type=\"widget\" data-e-type=\"widget\" data-widget_type=\"spacer.default\">\n\t\t\t\t<div class=\"elementor-widget-container\">\n\t\t\t\t\t\t\t<div class=\"elementor-spacer\">\n\t\t\t<div class=\"elementor-spacer-inner\"><\/div>\n\t\t<\/div>\n\t\t\t\t\t\t<\/div>\n\t\t\t\t<\/div>\n\t\t\t\t<div class=\"elementor-element elementor-element-cd0c3b6 elementor-widget elementor-widget-image\" data-id=\"cd0c3b6\" data-element_type=\"widget\" data-e-type=\"widget\" data-widget_type=\"image.default\">\n\t\t\t\t<div class=\"elementor-widget-container\">\n\t\t\t\t\t\t\t\t\t\t\t\t\t\t\t\t<a href=\"https:\/\/dsch.pt\/en\/\">\n\t\t\t\t\t\t\t<img decoding=\"async\" width=\"300\" height=\"105\" src=\"https:\/\/dsch.pt\/wp-content\/uploads\/2023\/05\/dsch_redbase-300x105.png\" class=\"attachment-medium size-medium wp-image-121\" alt=\"\" srcset=\"https:\/\/dsch.pt\/wp-content\/uploads\/2023\/05\/dsch_redbase-300x105.png 300w, https:\/\/dsch.pt\/wp-content\/uploads\/2023\/05\/dsch_redbase-1024x360.png 1024w, https:\/\/dsch.pt\/wp-content\/uploads\/2023\/05\/dsch_redbase-768x270.png 768w, https:\/\/dsch.pt\/wp-content\/uploads\/2023\/05\/dsch_redbase.png 1067w\" sizes=\"(max-width: 300px) 100vw, 300px\" \/>\t\t\t\t\t\t\t\t<\/a>\n\t\t\t\t\t\t\t\t\t\t\t\t\t\t\t<\/div>\n\t\t\t\t<\/div>\n\t\t\t\t<div class=\"elementor-element elementor-element-977cf9d elementor-widget elementor-widget-text-editor\" data-id=\"977cf9d\" data-element_type=\"widget\" data-e-type=\"widget\" data-widget_type=\"text-editor.default\">\n\t\t\t\t<div class=\"elementor-widget-container\">\n\t\t\t\t\t\t\t\t\t<p style=\"text-align: center;\">Estrutura financiada<\/p>\t\t\t\t\t\t\t\t<\/div>\n\t\t\t\t<\/div>\n\t\t\t\t<div class=\"elementor-element elementor-element-5c10ae0 elementor-widget__width-initial elementor-widget elementor-widget-image\" data-id=\"5c10ae0\" data-element_type=\"widget\" data-e-type=\"widget\" data-widget_type=\"image.default\">\n\t\t\t\t<div class=\"elementor-widget-container\">\n\t\t\t\t\t\t\t\t\t\t\t\t\t\t\t\t<a href=\"https:\/\/www.dgartes.gov.pt\" target=\"_blank\">\n\t\t\t\t\t\t\t<img decoding=\"async\" width=\"524\" height=\"96\" src=\"https:\/\/dsch.pt\/wp-content\/uploads\/2024\/11\/LOGO-GOV_DGARTES.jpeg\" class=\"attachment-medium_large size-medium_large wp-image-1054\" alt=\"\" srcset=\"https:\/\/dsch.pt\/wp-content\/uploads\/2024\/11\/LOGO-GOV_DGARTES.jpeg 524w, https:\/\/dsch.pt\/wp-content\/uploads\/2024\/11\/LOGO-GOV_DGARTES-300x55.jpeg 300w\" sizes=\"(max-width: 524px) 100vw, 524px\" \/>\t\t\t\t\t\t\t\t<\/a>\n\t\t\t\t\t\t\t\t\t\t\t\t\t\t\t<\/div>\n\t\t\t\t<\/div>\n\t\t\t\t\t<\/div>\n\t\t<\/div>\n\t\t\t\t\t<\/div>\n\t\t<\/section>\n\t\t\t\t<\/div>","protected":false},"excerpt":{"rendered":"<p>Festival e Academia Ver\u00e3o Cl\u00e1ssico 11\u00aa edi\u00e7\u00e3o, 2025 Fundado em 2015, o VER\u00c3O CL\u00c1SSICO celebra em 2025 a sua 11.\u00aa edi\u00e7\u00e3o, mantendo vivos os ideais que o inspiram desde o primeiro dia: excel\u00eancia, partilha e comunh\u00e3o entre m\u00fasicos consagrados e jovens talentos de todo o mundo \u2014 e tamb\u00e9m com o p\u00fablico! \u2014, unidos pela&#8230;<\/p>","protected":false},"author":3,"featured_media":0,"parent":0,"menu_order":0,"comment_status":"closed","ping_status":"closed","template":"","meta":{"footnotes":""},"class_list":["post-1641","page","type-page","status-publish","hentry"],"aioseo_notices":[],"_links":{"self":[{"href":"https:\/\/dsch.pt\/en\/wp-json\/wp\/v2\/pages\/1641","targetHints":{"allow":["GET"]}}],"collection":[{"href":"https:\/\/dsch.pt\/en\/wp-json\/wp\/v2\/pages"}],"about":[{"href":"https:\/\/dsch.pt\/en\/wp-json\/wp\/v2\/types\/page"}],"author":[{"embeddable":true,"href":"https:\/\/dsch.pt\/en\/wp-json\/wp\/v2\/users\/3"}],"replies":[{"embeddable":true,"href":"https:\/\/dsch.pt\/en\/wp-json\/wp\/v2\/comments?post=1641"}],"version-history":[{"count":4,"href":"https:\/\/dsch.pt\/en\/wp-json\/wp\/v2\/pages\/1641\/revisions"}],"predecessor-version":[{"id":1645,"href":"https:\/\/dsch.pt\/en\/wp-json\/wp\/v2\/pages\/1641\/revisions\/1645"}],"wp:attachment":[{"href":"https:\/\/dsch.pt\/en\/wp-json\/wp\/v2\/media?parent=1641"}],"curies":[{"name":"wp","href":"https:\/\/api.w.org\/{rel}","templated":true}]}}