{"id":3218,"date":"2026-01-14T12:09:01","date_gmt":"2026-01-14T12:09:01","guid":{"rendered":"https:\/\/dsch.pt\/?page_id=3218"},"modified":"2026-01-15T15:46:34","modified_gmt":"2026-01-15T15:46:34","slug":"agenda-2024","status":"publish","type":"page","link":"https:\/\/dsch.pt\/en\/agenda-2024\/","title":{"rendered":"Agenda 2024"},"content":{"rendered":"<div data-elementor-type=\"wp-page\" data-elementor-id=\"3218\" class=\"elementor elementor-3218\">\n\t\t\t\t\t\t<section class=\"elementor-section elementor-top-section elementor-element elementor-element-b80427b elementor-section-stretched elementor-section-boxed elementor-section-height-default elementor-section-height-default\" data-id=\"b80427b\" data-element_type=\"section\" data-e-type=\"section\" data-settings=\"{&quot;stretch_section&quot;:&quot;section-stretched&quot;,&quot;background_background&quot;:&quot;classic&quot;}\">\n\t\t\t\t\t\t<div class=\"elementor-container elementor-column-gap-no\">\n\t\t\t\t\t<div class=\"elementor-column elementor-col-100 elementor-top-column elementor-element elementor-element-02c4bd2 elementor-invisible\" data-id=\"02c4bd2\" data-element_type=\"column\" data-e-type=\"column\" data-settings=\"{&quot;animation&quot;:&quot;slideInDown&quot;}\">\n\t\t\t<div class=\"elementor-widget-wrap elementor-element-populated\">\n\t\t\t\t\t\t<div class=\"elementor-element elementor-element-efa79aa elementor-widget elementor-widget-heading\" data-id=\"efa79aa\" data-element_type=\"widget\" data-e-type=\"widget\" data-widget_type=\"heading.default\">\n\t\t\t\t<div class=\"elementor-widget-container\">\n\t\t\t\t\t<h2 class=\"elementor-heading-title elementor-size-default\">2024<\/h2>\t\t\t\t<\/div>\n\t\t\t\t<\/div>\n\t\t\t\t<div class=\"elementor-element elementor-element-656cc55 elementor-absolute elementor-widget elementor-widget-heading\" data-id=\"656cc55\" data-element_type=\"widget\" data-e-type=\"widget\" data-settings=\"{&quot;_position&quot;:&quot;absolute&quot;}\" data-widget_type=\"heading.default\">\n\t\t\t\t<div class=\"elementor-widget-container\">\n\t\t\t\t\t<span class=\"elementor-heading-title elementor-size-default\">Calendar<\/span>\t\t\t\t<\/div>\n\t\t\t\t<\/div>\n\t\t\t\t<div class=\"elementor-element elementor-element-079ade5 elementor-widget elementor-widget-naevents_unique_schedule_list\" data-id=\"079ade5\" data-element_type=\"widget\" data-e-type=\"widget\" data-widget_type=\"naevents_unique_schedule_list.default\">\n\t\t\t\t<div class=\"elementor-widget-container\">\n\t\t\t\t\t<div class=\"naeep-schedule-wrap\"><div class=\"naeep-schedule-list\">\n\t\t\t\t  \t\t\t\t\t\t\t\n\t\t\t\t  \t\t\t\t\t\t\t<div class=\"col-na-row align-items-center\">\n\t\t\t\t\t  \t\t\t\t\t\t\t<div class=\"col-na-2\"><div class=\"schedule-image\"><div class=\"naeep-image\"><a href=\"https:\/\/www.tnsj.pt\/pt\/espetaculos\/6855\/musical-mente\" target=\"_blank\" ><img decoding=\"async\" src=\"https:\/\/dsch.pt\/wp-content\/uploads\/2026\/01\/Captura-de-ecra-2026-01-12-191354-e1768245322199.png\" alt=\"3\u00ba Ciclo MUSICAL-MENTE\"><\/a><\/div><\/div><\/div>\n\t\t\t\t\t  \t\t\t\t\t\t\t<div class=\"col-na-10\"><div class=\"schedule-content\">\n\t\t\t\t\t  \t\t\t\t\t\t\t<ul><li><i class=\"far fa-calendar\"><\/i> 15 February 2024<\/li><li><i class=\"far fa-clock\"><\/i> 19:00<\/li><li><i class=\"fas fa-map-marker\"><\/i> Mosteiro S. Bento da Vit\u00f3ria, Oporto, Portugal<\/li><\/ul>\n\t\t\t\t\t  \t\t\t\t\t\t\t<h3>3\u00ba Ciclo MUSICAL-MENTE<\/h3><p><p><strong><em>SCHOSTAKOVICH LIBERDADE REPRIMIDA<\/em><\/strong><span style=\"font-weight: 400;\"><br \/><\/span><strong>DSCH &ndash; Shostakovich Ensemble<\/strong> <span style=\"font-weight: 400;\"><br \/><\/span><strong>Paulo Rangel<\/strong><span style=\"font-weight: 400;\"> (prelude), <\/span><strong>Filipe Pinto-Ribeiro<\/strong><span style=\"font-weight: 400;\"> (piano), <\/span><strong>Boris Brovtsyn <\/strong><span style=\"font-weight: 400;\">(violin), <\/span><strong>Alexandra Raikhlina<\/strong><span style=\"font-weight: 400;\"> (violin), <\/span><strong>Jennifer Stumm<\/strong><span style=\"font-weight: 400;\"> (viola),<\/span><strong> Adrian Brendel<\/strong><span style=\"font-weight: 400;\"> (cello)<\/span><span style=\"font-weight: 400;\"><br \/><\/span><span style=\"font-weight: 400;\">Works by <\/span><strong>Schostakovich<\/strong><\/p><\/p><\/div><\/div>\n\t\t\t\t  \t\t\t\t\t\t\t<\/div>\n\t\t\t\t\t\t\t\t\t    <\/div><\/div>\t\t\t\t<\/div>\n\t\t\t\t<\/div>\n\t\t\t\t<div class=\"elementor-element elementor-element-dbedf43 elementor-widget elementor-widget-naevents_unique_schedule_list\" data-id=\"dbedf43\" data-element_type=\"widget\" data-e-type=\"widget\" data-widget_type=\"naevents_unique_schedule_list.default\">\n\t\t\t\t<div class=\"elementor-widget-container\">\n\t\t\t\t\t<div class=\"naeep-schedule-wrap\"><div class=\"naeep-schedule-list\">\n\t\t\t\t  \t\t\t\t\t\t\t\n\t\t\t\t  \t\t\t\t\t\t\t<div class=\"col-na-row align-items-center\">\n\t\t\t\t\t  \t\t\t\t\t\t\t<div class=\"col-na-2\"><div class=\"schedule-image\"><div class=\"naeep-image\"><a href=\"https:\/\/www.ccb.pt\/evento\/sexta-maiorschostakovich-e-estaline\/\" target=\"_blank\" ><img decoding=\"async\" src=\"https:\/\/dsch.pt\/wp-content\/uploads\/2026\/01\/Captura-de-ecra-2026-01-12-192342-e1768245861543.png\" alt=\"Ciclo \u00abSexta Maior\u00bb\"><\/a><\/div><\/div><\/div>\n\t\t\t\t\t  \t\t\t\t\t\t\t<div class=\"col-na-10\"><div class=\"schedule-content\">\n\t\t\t\t\t  \t\t\t\t\t\t\t<ul><li><i class=\"far fa-calendar\"><\/i> 16 February 2024<\/li><li><i class=\"far fa-clock\"><\/i> 21:00<\/li><li><i class=\"fas fa-map-marker\"><\/i> Centro Cultural de Bel\u00e9m, Lisbon, Portugal<\/li><\/ul>\n\t\t\t\t\t  \t\t\t\t\t\t\t<h3>Ciclo \u00abSexta Maior\u00bb<\/h3><p><p><strong><em>SHOSTAKOVICH E ESTALINE<br \/><\/em><\/strong><strong>DSCH &ndash; Shostakovich Ensemble<\/strong> <span style=\"font-weight: 400;\"><br \/><\/span><strong>Filipe Pinto-Ribeiro<\/strong><span style=\"font-weight: 400;\"> (piano), <\/span><strong>Boris Brovtsyn <\/strong><span style=\"font-weight: 400;\">(violin), <\/span><strong>Alexandra Raikhlina<\/strong><span style=\"font-weight: 400;\"> (violin), <\/span><strong>Jennifer Stumm<\/strong><span style=\"font-weight: 400;\"> (viola),<\/span><strong> Adrian Brendel<\/strong><span style=\"font-weight: 400;\"> (cello)<\/span><span style=\"font-weight: 400;\"><br \/><\/span><span style=\"font-weight: 400;\">Works by <\/span><strong>Schostakovich<\/strong><\/p><\/p><\/div><\/div>\n\t\t\t\t  \t\t\t\t\t\t\t<\/div>\n\t\t\t\t\t\t\t\t\t    <\/div><\/div>\t\t\t\t<\/div>\n\t\t\t\t<\/div>\n\t\t\t\t<div class=\"elementor-element elementor-element-4b92792 elementor-widget elementor-widget-naevents_unique_schedule_list\" data-id=\"4b92792\" data-element_type=\"widget\" data-e-type=\"widget\" data-widget_type=\"naevents_unique_schedule_list.default\">\n\t\t\t\t<div class=\"elementor-widget-container\">\n\t\t\t\t\t<div class=\"naeep-schedule-wrap\"><div class=\"naeep-schedule-list\">\n\t\t\t\t  \t\t\t\t\t\t\t\n\t\t\t\t  \t\t\t\t\t\t\t<div class=\"col-na-row align-items-center\">\n\t\t\t\t\t  \t\t\t\t\t\t\t<div class=\"col-na-2\"><div class=\"schedule-image\"><div class=\"naeep-image\"><a href=\"https:\/\/www.festivalcapuchos.com\" target=\"_blank\" ><img decoding=\"async\" src=\"https:\/\/dsch.pt\/wp-content\/uploads\/2026\/01\/Captura-de-ecra-2026-01-12-192657-e1768246050664.png\" alt=\"3\u00ba Ciclo MUSICAL-MENTE\"><\/a><\/div><\/div><\/div>\n\t\t\t\t\t  \t\t\t\t\t\t\t<div class=\"col-na-10\"><div class=\"schedule-content\">\n\t\t\t\t\t  \t\t\t\t\t\t\t<ul><li><i class=\"far fa-calendar\"><\/i> 27 March 2024<\/li><li><i class=\"far fa-clock\"><\/i> 19:00<\/li><li><i class=\"fas fa-map-marker\"><\/i> Teatro Nacional S\u00e3o Jo\u00e3o, Oporto, Portugal<\/li><\/ul>\n\t\t\t\t\t  \t\t\t\t\t\t\t<h3>3\u00ba Ciclo MUSICAL-MENTE<\/h3><p><p><strong><em>KORNGOLD LIBERDADE EXILADA<\/em><\/strong><span style=\"font-weight: 400;\"><br \/><\/span><strong>DSCH &ndash; Shostakovich Ensemble<\/strong><span style=\"font-weight: 400;\"><br \/><\/span><strong>Filipe Pinto-Ribeiro<\/strong><span style=\"font-weight: 400;\"> (piano), <\/span><strong>Rosa Maria Barrantes<\/strong><span style=\"font-weight: 400;\"> (piano), <\/span><strong>Mario Hossen<\/strong><span style=\"font-weight: 400;\"> (violin),<\/span><strong> Velerie Leopold<\/strong><span style=\"font-weight: 400;\"> (violin), <\/span><strong>Marta Potulska<\/strong><span style=\"font-weight: 400;\"> (viola), <\/span><strong>Liliana Kehayova<\/strong><span style=\"font-weight: 400;\"> (cello), <\/span><strong>Leonor Amaral <\/strong><span style=\"font-weight: 400;\">(soprano)<\/span><span style=\"font-weight: 400;\"><br \/><\/span><span style=\"font-weight: 400;\">Works by <\/span><strong>Korngold<\/strong><\/p><\/p><\/div><\/div>\n\t\t\t\t  \t\t\t\t\t\t\t<\/div>\n\t\t\t\t\t\t\t\t\t    <\/div><\/div>\t\t\t\t<\/div>\n\t\t\t\t<\/div>\n\t\t\t\t<div class=\"elementor-element elementor-element-a3a1a24 elementor-widget elementor-widget-naevents_unique_schedule_list\" data-id=\"a3a1a24\" data-element_type=\"widget\" data-e-type=\"widget\" data-widget_type=\"naevents_unique_schedule_list.default\">\n\t\t\t\t<div class=\"elementor-widget-container\">\n\t\t\t\t\t<div class=\"naeep-schedule-wrap\"><div class=\"naeep-schedule-list\">\n\t\t\t\t  \t\t\t\t\t\t\t\n\t\t\t\t  \t\t\t\t\t\t\t<div class=\"col-na-row align-items-center\">\n\t\t\t\t\t  \t\t\t\t\t\t\t<div class=\"col-na-2\"><div class=\"schedule-image\"><div class=\"naeep-image\"><a href=\"https:\/\/www.festivalcapuchos.com\" target=\"_blank\" ><img decoding=\"async\" src=\"https:\/\/dsch.pt\/wp-content\/uploads\/2024\/11\/1x1-Banner-capuchos-2024.jpg\" alt=\"Festival dos Capuchos\"><\/a><\/div><\/div><\/div>\n\t\t\t\t\t  \t\t\t\t\t\t\t<div class=\"col-na-10\"><div class=\"schedule-content\">\n\t\t\t\t\t  \t\t\t\t\t\t\t<ul><li><i class=\"far fa-calendar\"><\/i> 29 May to 22 June 2024<\/li><li><i class=\"fas fa-map-marker\"><\/i> Almada, Portugal<\/li><\/ul>\n\t\t\t\t\t  \t\t\t\t\t\t\t<h3>Capuchos Festival<\/h3><p><p>&bull;&nbsp;Convento dos Capuchos<\/p>\n<p>&bull;&nbsp;Teatro Municipal Joaquim Benite<\/p>\n<p>&bull;&nbsp;Audit&oacute;rio Lopes-Gra&ccedil;a<\/p><\/p><\/div><\/div>\n\t\t\t\t  \t\t\t\t\t\t\t<\/div>\n\t\t\t\t\t\t\t\t\t    <\/div><\/div>\t\t\t\t<\/div>\n\t\t\t\t<\/div>\n\t\t\t\t<div class=\"elementor-element elementor-element-ed35744 elementor-widget elementor-widget-naevents_unique_schedule_list\" data-id=\"ed35744\" data-element_type=\"widget\" data-e-type=\"widget\" data-widget_type=\"naevents_unique_schedule_list.default\">\n\t\t\t\t<div class=\"elementor-widget-container\">\n\t\t\t\t\t<div class=\"naeep-schedule-wrap\"><div class=\"naeep-schedule-list\">\n\t\t\t\t  \t\t\t\t\t\t\t\n\t\t\t\t  \t\t\t\t\t\t\t<div class=\"col-na-row align-items-center\">\n\t\t\t\t\t  \t\t\t\t\t\t\t<div class=\"col-na-2\"><div class=\"schedule-image\"><div class=\"naeep-image\"><a href=\"https:\/\/www.festivalcapuchos.com\" target=\"_blank\" ><img decoding=\"async\" src=\"https:\/\/dsch.pt\/wp-content\/uploads\/2025\/12\/LOGOS-JUVENTUS_Azul.png\" alt=\"SCHOSTAKOVICH &amp; ESTALINE\"><\/a><\/div><\/div><\/div>\n\t\t\t\t\t  \t\t\t\t\t\t\t<div class=\"col-na-10\"><div class=\"schedule-content\">\n\t\t\t\t\t  \t\t\t\t\t\t\t<ul><li><i class=\"far fa-calendar\"><\/i> 9 June 2024<\/li><li><i class=\"far fa-clock\"><\/i> 21:00<\/li><li><i class=\"fas fa-map-marker\"><\/i> Convento dos Capuchos, Almada, Portugal<\/li><\/ul>\n\t\t\t\t\t  \t\t\t\t\t\t\t<h3>SCHOSTAKOVICH &amp; ESTALINE<\/h3><p><p><strong>Juventus Ensemble<br \/><\/strong><strong>Filipe Pinto-Ribeiro&nbsp;<\/strong>(piano)<strong>,&nbsp;Stephan Picard&nbsp;<\/strong>(violin), <strong>Tom&aacute;s Soares&nbsp;<\/strong>(violin),&nbsp;<strong>Sofia Silva Sousa<\/strong>&nbsp;(viola), <strong>Geirthrudur Gudmundsdottir&nbsp;<\/strong>(cello)<br \/>Works by&nbsp;<strong>Schostakovich<\/strong><\/p><\/p><\/div><\/div>\n\t\t\t\t  \t\t\t\t\t\t\t<\/div>\n\t\t\t\t\t\t\t\t\t    <\/div><\/div>\t\t\t\t<\/div>\n\t\t\t\t<\/div>\n\t\t\t\t<div class=\"elementor-element elementor-element-81b9a02 elementor-widget elementor-widget-naevents_unique_schedule_list\" data-id=\"81b9a02\" data-element_type=\"widget\" data-e-type=\"widget\" data-widget_type=\"naevents_unique_schedule_list.default\">\n\t\t\t\t<div class=\"elementor-widget-container\">\n\t\t\t\t\t<div class=\"naeep-schedule-wrap\"><div class=\"naeep-schedule-list\">\n\t\t\t\t  \t\t\t\t\t\t\t\n\t\t\t\t  \t\t\t\t\t\t\t<div class=\"col-na-row align-items-center\">\n\t\t\t\t\t  \t\t\t\t\t\t\t<div class=\"col-na-2\"><div class=\"schedule-image\"><div class=\"naeep-image\"><a href=\"https:\/\/varnasummerfest.org\/en\/program\/shostakovich-ensemble-2\" target=\"_blank\" ><img decoding=\"async\" src=\"https:\/\/dsch.pt\/wp-content\/uploads\/2026\/01\/Captura-de-ecra-2026-01-12-193356-e1768246478263.png\" alt=\"Festival de Sintra\"><\/a><\/div><\/div><\/div>\n\t\t\t\t\t  \t\t\t\t\t\t\t<div class=\"col-na-10\"><div class=\"schedule-content\">\n\t\t\t\t\t  \t\t\t\t\t\t\t<ul><li><i class=\"far fa-calendar\"><\/i> 20 June 2024<\/li><li><i class=\"far fa-clock\"><\/i> 19:00<\/li><li><i class=\"fas fa-map-marker\"><\/i> Pal\u00e1cio Nacional de Sintra, Sala dos Cisnes, Sintra, Portugal<\/li><\/ul>\n\t\t\t\t\t  \t\t\t\t\t\t\t<h3>Festival de Sintra<\/h3><p><p><strong><em>OS ESP&iacute;RITOS e A TRUTA<\/em><\/strong><strong><em><br \/><\/em><\/strong><strong>DSCH &ndash; Schostakovich Ensemble<\/strong><span style=\"font-weight: 400;\"><br \/><\/span><strong>Filipe Pinto-Ribeiro<\/strong><span style=\"font-weight: 400;\"> (piano),<\/span><strong> Carolin Widmann<\/strong><span style=\"font-weight: 400;\"> (violin), <\/span><strong>Lilli Maijala<\/strong><span style=\"font-weight: 400;\"> (viola), <\/span><strong>Christian Polt&eacute;ra <\/strong><span style=\"font-weight: 400;\">(cello), <\/span><strong>Tiago Pinto-Ribeiro<\/strong><span style=\"font-weight: 400;\"> (double bass)<\/span><span style=\"font-weight: 400;\"><br \/><\/span><span style=\"font-weight: 400;\">Works by <\/span><strong>Beethoven <\/strong><span style=\"font-weight: 400;\">and <\/span><strong>Schubert<\/strong><\/p><\/p><\/div><\/div>\n\t\t\t\t  \t\t\t\t\t\t\t<\/div>\n\t\t\t\t\t\t\t\t\t    <\/div><\/div>\t\t\t\t<\/div>\n\t\t\t\t<\/div>\n\t\t\t\t<div class=\"elementor-element elementor-element-4e2e117 elementor-widget elementor-widget-naevents_unique_schedule_list\" data-id=\"4e2e117\" data-element_type=\"widget\" data-e-type=\"widget\" data-widget_type=\"naevents_unique_schedule_list.default\">\n\t\t\t\t<div class=\"elementor-widget-container\">\n\t\t\t\t\t<div class=\"naeep-schedule-wrap\"><div class=\"naeep-schedule-list\">\n\t\t\t\t  \t\t\t\t\t\t\t\n\t\t\t\t  \t\t\t\t\t\t\t<div class=\"col-na-row align-items-center\">\n\t\t\t\t\t  \t\t\t\t\t\t\t<div class=\"col-na-2\"><div class=\"schedule-image\"><div class=\"naeep-image\"><a href=\"https:\/\/www.festivalcapuchos.com\" target=\"_blank\" ><img decoding=\"async\" src=\"https:\/\/dsch.pt\/wp-content\/uploads\/2023\/12\/noticia-premio-dsch.jpg\" alt=\"Beethoven e Schubert: Esp\u00edritos de Liberdade\"><\/a><\/div><\/div><\/div>\n\t\t\t\t\t  \t\t\t\t\t\t\t<div class=\"col-na-10\"><div class=\"schedule-content\">\n\t\t\t\t\t  \t\t\t\t\t\t\t<ul><li><i class=\"far fa-calendar\"><\/i> 21 June 2024<\/li><li><i class=\"far fa-clock\"><\/i> 21:00<\/li><li><i class=\"fas fa-map-marker\"><\/i> Convento dos Capuchos, Almada, Portugal<\/li><\/ul>\n\t\t\t\t\t  \t\t\t\t\t\t\t<h3>Beethoven e Schubert: Esp\u00edritos de Liberdade<\/h3><p><p><strong>DSCH &ndash; Schostakovich Ensemble<br \/><\/strong><strong>Carolin Widmann <\/strong>(violin),<strong>Lilli Maijala<\/strong>&nbsp;(viola), <strong>Christian Polt&eacute;ra<\/strong>&nbsp;(cello), <strong>Tiago Pinto-Ribeiro<\/strong> (double bass),&nbsp;<strong>Filipe Pinto-Ribeiro&nbsp;<\/strong>(piano)<br \/>Works by&nbsp;<strong>Beethoven<\/strong>,<strong> Pinto Correia <\/strong>and<strong> Schubert<\/strong><\/p><\/p><\/div><\/div>\n\t\t\t\t  \t\t\t\t\t\t\t<\/div>\n\t\t\t\t\t\t\t\t\t    <\/div><\/div>\t\t\t\t<\/div>\n\t\t\t\t<\/div>\n\t\t\t\t<div class=\"elementor-element elementor-element-c2695e1 elementor-widget elementor-widget-naevents_unique_schedule_list\" data-id=\"c2695e1\" data-element_type=\"widget\" data-e-type=\"widget\" data-widget_type=\"naevents_unique_schedule_list.default\">\n\t\t\t\t<div class=\"elementor-widget-container\">\n\t\t\t\t\t<div class=\"naeep-schedule-wrap\"><div class=\"naeep-schedule-list\">\n\t\t\t\t  \t\t\t\t\t\t\t\n\t\t\t\t  \t\t\t\t\t\t\t<div class=\"col-na-row align-items-center\">\n\t\t\t\t\t  \t\t\t\t\t\t\t<div class=\"col-na-2\"><div class=\"schedule-image\"><div class=\"naeep-image\"><a href=\"https:\/\/www.veraoclassico.com\" target=\"_blank\" ><img decoding=\"async\" src=\"https:\/\/dsch.pt\/wp-content\/uploads\/2024\/11\/1x1-Banner-VC24.jpg\" alt=\"Festival e Academia VER\u00c3O CL\u00c1SSICO\"><\/a><\/div><\/div><\/div>\n\t\t\t\t\t  \t\t\t\t\t\t\t<div class=\"col-na-10\"><div class=\"schedule-content\">\n\t\t\t\t\t  \t\t\t\t\t\t\t<ul><li><i class=\"far fa-calendar\"><\/i> 22 July to 3 August 2024<\/li><li><i class=\"fas fa-map-marker\"><\/i> Lisbon, Portugal<\/li><\/ul>\n\t\t\t\t\t  \t\t\t\t\t\t\t<h3>Festival &amp; Academy VER\u00c3O CL\u00c1SSICO 2026<\/h3><p><p>&bull;&nbsp;Museu Nacional dos Coches<\/p>\n<p>&bull; Escola Art&iacute;stica de M&uacute;sica do Conservat&oacute;rio Nacional<\/p>\n<p>&bull;&nbsp;Escola Secund&aacute;ria Marqu&ecirc;s de Pombal<\/p><\/p><\/div><\/div>\n\t\t\t\t  \t\t\t\t\t\t\t<\/div>\n\t\t\t\t\t\t\t\t\t    <\/div><\/div>\t\t\t\t<\/div>\n\t\t\t\t<\/div>\n\t\t\t\t<div class=\"elementor-element elementor-element-78f05a1 elementor-widget elementor-widget-naevents_unique_schedule_list\" data-id=\"78f05a1\" data-element_type=\"widget\" data-e-type=\"widget\" data-widget_type=\"naevents_unique_schedule_list.default\">\n\t\t\t\t<div class=\"elementor-widget-container\">\n\t\t\t\t\t<div class=\"naeep-schedule-wrap\"><div class=\"naeep-schedule-list\">\n\t\t\t\t  \t\t\t\t\t\t\t\n\t\t\t\t  \t\t\t\t\t\t\t<div class=\"col-na-row align-items-center\">\n\t\t\t\t\t  \t\t\t\t\t\t\t<div class=\"col-na-2\"><div class=\"schedule-image\"><div class=\"naeep-image\"><a href=\"https:\/\/www.facebook.com\/events\/teatro-narciso-ferreira\/juventus-ensemble-cidnay-festival-2024\/1431730950877941\/\" target=\"_blank\" ><img decoding=\"async\" src=\"https:\/\/dsch.pt\/wp-content\/uploads\/2026\/01\/cidnay.jpg\" alt=\"Festival Cidnay\"><\/a><\/div><\/div><\/div>\n\t\t\t\t\t  \t\t\t\t\t\t\t<div class=\"col-na-10\"><div class=\"schedule-content\">\n\t\t\t\t\t  \t\t\t\t\t\t\t<ul><li><i class=\"far fa-calendar\"><\/i> 8 September 2024<\/li><li><i class=\"far fa-clock\"><\/i> 18:00<\/li><li><i class=\"fas fa-map-marker\"><\/i> Teatro Narciso Ferreira, Famalic\u00e3o, Portugal<\/li><\/ul>\n\t\t\t\t\t  \t\t\t\t\t\t\t<h3>Festival Cidnay<\/h3><p><p><strong>Juventus Ensemble<\/strong><span style=\"font-weight: 400;\"> with <\/span><strong>Filipe Pinto-Ribeiro <\/strong><span style=\"font-weight: 400;\">(piano), <\/span><strong>Xunyue Zhang <\/strong><span style=\"font-weight: 400;\">(violin), <\/span><strong>Alfonso Pinto-Ribeiro <\/strong><span style=\"font-weight: 400;\">(violin), <\/span><strong>Jo&atilde;o &Aacute;lvares Abreu <\/strong><span style=\"font-weight: 400;\">(viola), <\/span><strong>Geirthrudur Gudmundsdottir<\/strong><span style=\"font-weight: 400;\"> (cello), <\/span><strong>Tiago Pinto-Ribeiro<\/strong><span style=\"font-weight: 400;\"> (double bass)<\/span><span style=\"font-weight: 400;\"><br \/><\/span><span style=\"font-weight: 400;\">Works by <\/span><strong>Mendelssohn<\/strong><span style=\"font-weight: 400;\"> and <\/span><strong>Dvo\u0159&aacute;k<\/strong><\/p><\/p><\/div><\/div>\n\t\t\t\t  \t\t\t\t\t\t\t<\/div>\n\t\t\t\t\t\t\t\t\t    <\/div><\/div>\t\t\t\t<\/div>\n\t\t\t\t<\/div>\n\t\t\t\t<div class=\"elementor-element elementor-element-b15089e elementor-widget elementor-widget-naevents_unique_schedule_list\" data-id=\"b15089e\" data-element_type=\"widget\" data-e-type=\"widget\" data-widget_type=\"naevents_unique_schedule_list.default\">\n\t\t\t\t<div class=\"elementor-widget-container\">\n\t\t\t\t\t<div class=\"naeep-schedule-wrap\"><div class=\"naeep-schedule-list\">\n\t\t\t\t  \t\t\t\t\t\t\t\n\t\t\t\t  \t\t\t\t\t\t\t<div class=\"col-na-row align-items-center\">\n\t\t\t\t\t  \t\t\t\t\t\t\t<div class=\"col-na-2\"><div class=\"schedule-image\"><div class=\"naeep-image\"><a href=\"https:\/\/www.classicfest.pt\" target=\"_blank\" ><img decoding=\"async\" src=\"https:\/\/dsch.pt\/wp-content\/uploads\/2024\/11\/1x1-Banner-FCF24.jpg\" alt=\"Bragan\u00e7a ClassicFest\"><\/a><\/div><\/div><\/div>\n\t\t\t\t\t  \t\t\t\t\t\t\t<div class=\"col-na-10\"><div class=\"schedule-content\">\n\t\t\t\t\t  \t\t\t\t\t\t\t<ul><li><i class=\"far fa-calendar\"><\/i> 1 to 12 October 2024<\/li><li><i class=\"fas fa-map-marker\"><\/i> Bragan\u00e7a, Portugal<\/li><\/ul>\n\t\t\t\t\t  \t\t\t\t\t\t\t<h3>Bragan\u00e7a ClassicFest<\/h3><p><p>&bull;&nbsp;Teatro Municipal de Bragan&ccedil;a<br \/>&bull;&nbsp;Igreja de S&atilde;o Francisco<br \/>&bull;&nbsp;Igreja de Santa Maria<\/p><\/p><\/div><\/div>\n\t\t\t\t  \t\t\t\t\t\t\t<\/div>\n\t\t\t\t\t\t\t\t\t    <\/div><\/div>\t\t\t\t<\/div>\n\t\t\t\t<\/div>\n\t\t\t\t<div class=\"elementor-element elementor-element-0700d18 elementor-widget elementor-widget-naevents_unique_schedule_list\" data-id=\"0700d18\" data-element_type=\"widget\" data-e-type=\"widget\" data-widget_type=\"naevents_unique_schedule_list.default\">\n\t\t\t\t<div class=\"elementor-widget-container\">\n\t\t\t\t\t<div class=\"naeep-schedule-wrap\"><div class=\"naeep-schedule-list\">\n\t\t\t\t  \t\t\t\t\t\t\t\n\t\t\t\t  \t\t\t\t\t\t\t<div class=\"col-na-row align-items-center\">\n\t\t\t\t\t  \t\t\t\t\t\t\t<div class=\"col-na-2\"><div class=\"schedule-image\"><div class=\"naeep-image\"><a href=\"https:\/\/classicfest.pt\/pt\/fulgor-romantico\/\" target=\"_blank\" ><img decoding=\"async\" src=\"https:\/\/dsch.pt\/wp-content\/uploads\/2025\/12\/LOGOS-JUVENTUS_Azul.png\" alt=\"Fulgor Rom\u00e2ntico: Mendelssohn &amp; Dvo\u0159\u00e1k\"><\/a><\/div><\/div><\/div>\n\t\t\t\t\t  \t\t\t\t\t\t\t<div class=\"col-na-10\"><div class=\"schedule-content\">\n\t\t\t\t\t  \t\t\t\t\t\t\t<ul><li><i class=\"far fa-calendar\"><\/i> 3 October 2024<\/li><li><i class=\"far fa-clock\"><\/i> 21:00<\/li><li><i class=\"fas fa-map-marker\"><\/i> Igreja de Santa Maria, Bragan\u00e7a, Portugal<\/li><\/ul>\n\t\t\t\t\t  \t\t\t\t\t\t\t<h3>Fulgor Rom\u00e2ntico: Mendelssohn &amp; Dvo\u0159\u00e1k<\/h3><p><p><strong>Juventus Ensemble<br \/><\/strong><strong>Xunyue Zhang <\/strong>(violin),<strong> Alfonso Pinto-Ribeiro <\/strong>(violin),<strong> Jo&atilde;o &Aacute;lvares Abreu<\/strong>&nbsp;(viola), <strong>Geirthrudur Gudmundsdottir<\/strong> (cello), <strong>Tiago Pinto-Ribeiro<\/strong> (double bass),&nbsp;<strong>Filipe Pinto-Ribeiro&nbsp;<\/strong>(piano)<br \/>Works by <strong>Mendelssohn<\/strong> and <strong>Dvo\u0159&aacute;k<\/strong><\/p><\/p><\/div><\/div>\n\t\t\t\t  \t\t\t\t\t\t\t<\/div>\n\t\t\t\t\t\t\t\t\t    <\/div><\/div>\t\t\t\t<\/div>\n\t\t\t\t<\/div>\n\t\t\t\t<div class=\"elementor-element elementor-element-77ede7c elementor-widget elementor-widget-naevents_unique_schedule_list\" data-id=\"77ede7c\" data-element_type=\"widget\" data-e-type=\"widget\" data-widget_type=\"naevents_unique_schedule_list.default\">\n\t\t\t\t<div class=\"elementor-widget-container\">\n\t\t\t\t\t<div class=\"naeep-schedule-wrap\"><div class=\"naeep-schedule-list\">\n\t\t\t\t  \t\t\t\t\t\t\t\n\t\t\t\t  \t\t\t\t\t\t\t<div class=\"col-na-row align-items-center\">\n\t\t\t\t\t  \t\t\t\t\t\t\t<div class=\"col-na-2\"><div class=\"schedule-image\"><div class=\"naeep-image\"><a href=\"https:\/\/www.sfilarmonicaba.net\/el-reputado-shostakovich-ensemble-toca-el-13-de-noviembre-en-badajoz\/\" target=\"_blank\" ><img decoding=\"async\" src=\"https:\/\/dsch.pt\/wp-content\/uploads\/2026\/01\/Captura-de-ecra-2026-01-13-150109-e1768316552938.png\" alt=\"XXIV Ciclo Hojas de \u00c1lbum \"><\/a><\/div><\/div><\/div>\n\t\t\t\t\t  \t\t\t\t\t\t\t<div class=\"col-na-10\"><div class=\"schedule-content\">\n\t\t\t\t\t  \t\t\t\t\t\t\t<ul><li><i class=\"far fa-calendar\"><\/i> 13 November 2024<\/li><li><i class=\"far fa-clock\"><\/i> 20:30<\/li><li><i class=\"fas fa-map-marker\"><\/i> Sal\u00f3n Noble de la Diputaci\u00f3n de Badajoz, Badajoz, Espanha<\/li><\/ul>\n\t\t\t\t\t  \t\t\t\t\t\t\t<h3>XXIV Ciclo Hojas de \u00c1lbum <\/h3><p><span style=\"font-weight: 400;\">Sociedad Filarm&oacute;nica de Badajoz<\/span><span style=\"font-weight: 400;\"><br \/><\/span><\/a><strong>DSCH &ndash; Schostakovich Ensemble<\/strong><span style=\"font-weight: 400;\"> with <\/span><strong>Filipe Pinto-Ribeiro <\/strong><span style=\"font-weight: 400;\">(piano), <\/span><strong>Stephan Picard<\/strong><span style=\"font-weight: 400;\"> (violin), <\/span><strong>Thomas Charroll <\/strong><span style=\"font-weight: 400;\">(cello)<\/span><span style=\"font-weight: 400;\"><br \/><\/span><span style=\"font-weight: 400;\">Works by <\/span><strong>Beethoven <\/strong><span style=\"font-weight: 400;\">and <\/span><strong>Dvo\u0159&aacute;k<\/strong><\/p><\/p><\/div><\/div>\n\t\t\t\t  \t\t\t\t\t\t\t<\/div>\n\t\t\t\t\t\t\t\t\t    <\/div><\/div>\t\t\t\t<\/div>\n\t\t\t\t<\/div>\n\t\t\t\t<div class=\"elementor-element elementor-element-0984a61 elementor-widget elementor-widget-naevents_unique_schedule_list\" data-id=\"0984a61\" data-element_type=\"widget\" data-e-type=\"widget\" data-widget_type=\"naevents_unique_schedule_list.default\">\n\t\t\t\t<div class=\"elementor-widget-container\">\n\t\t\t\t\t<div class=\"naeep-schedule-wrap\"><div class=\"naeep-schedule-list\">\n\t\t\t\t  \t\t\t\t\t\t\t\n\t\t\t\t  \t\t\t\t\t\t\t<div class=\"col-na-row align-items-center\">\n\t\t\t\t\t  \t\t\t\t\t\t\t<div class=\"col-na-2\"><div class=\"schedule-image\"><div class=\"naeep-image\"><a href=\"https:\/\/www.sfilarmonicaba.net\/el-reputado-shostakovich-ensemble-toca-el-13-de-noviembre-en-badajoz\/\" target=\"_blank\" ><img decoding=\"async\" src=\"https:\/\/dsch.pt\/wp-content\/uploads\/2026\/01\/Captura-de-ecra-2026-01-13-150109-e1768316552938.png\" alt=\"XXIV Ciclo Hojas de \u00c1lbum \"><\/a><\/div><\/div><\/div>\n\t\t\t\t\t  \t\t\t\t\t\t\t<div class=\"col-na-10\"><div class=\"schedule-content\">\n\t\t\t\t\t  \t\t\t\t\t\t\t<ul><li><i class=\"far fa-calendar\"><\/i> 14 November 2024<\/li><li><i class=\"far fa-clock\"><\/i> 20:30<\/li><li><i class=\"fas fa-map-marker\"><\/i> Buchinger Wilhelmi, Marbelha, Espanha<\/li><\/ul>\n\t\t\t\t\t  \t\t\t\t\t\t\t<h3>XXIV Ciclo Hojas de \u00c1lbum <\/h3><p><span style=\"font-weight: 400;\"><br \/><\/span><\/a><strong>DSCH &ndash; Schostakovich Ensemble<\/strong><span style=\"font-weight: 400;\"> with <\/span><strong>Filipe Pinto-Ribeiro <\/strong><span style=\"font-weight: 400;\">(piano), <\/span><strong>Stephan Picard<\/strong><span style=\"font-weight: 400;\"> (violin), <\/span><strong>Thomas Charroll <\/strong><span style=\"font-weight: 400;\">(cello)<\/span><span style=\"font-weight: 400;\"><br \/><\/span><span style=\"font-weight: 400;\">Works by <\/span><strong>Beethoven <\/strong><span style=\"font-weight: 400;\">and <\/span><strong>Dvo\u0159&aacute;k<\/strong><\/p><\/p><\/div><\/div>\n\t\t\t\t  \t\t\t\t\t\t\t<\/div>\n\t\t\t\t\t\t\t\t\t    <\/div><\/div>\t\t\t\t<\/div>\n\t\t\t\t<\/div>\n\t\t\t\t<div class=\"elementor-element elementor-element-b79ed56 elementor-widget elementor-widget-naevents_unique_schedule_list\" data-id=\"b79ed56\" data-element_type=\"widget\" data-e-type=\"widget\" id=\"year-2023\" data-widget_type=\"naevents_unique_schedule_list.default\">\n\t\t\t\t<div class=\"elementor-widget-container\">\n\t\t\t\t\t<div class=\"naeep-schedule-wrap\"><div class=\"naeep-schedule-list\">\n\t\t\t\t  \t\t\t\t\t\t\t\n\t\t\t\t  \t\t\t\t\t\t\t<div class=\"col-na-row align-items-center\">\n\t\t\t\t\t  \t\t\t\t\t\t\t<div class=\"col-na-2\"><div class=\"schedule-image\"><div class=\"naeep-image\"><a href=\"https:\/\/www.tnsj.pt\/pt\/espetaculos\/7012\/musical-mente\" target=\"_blank\" ><img decoding=\"async\" src=\"https:\/\/dsch.pt\/wp-content\/uploads\/2026\/01\/Captura-de-ecra-2026-01-13-151044-e1768317091208.png\" alt=\"4\u00ba Ciclo MUSICAL-MENTE\"><\/a><\/div><\/div><\/div>\n\t\t\t\t\t  \t\t\t\t\t\t\t<div class=\"col-na-10\"><div class=\"schedule-content\">\n\t\t\t\t\t  \t\t\t\t\t\t\t<ul><li><i class=\"far fa-calendar\"><\/i> 12 December 2024<\/li><li><i class=\"far fa-clock\"><\/i> 19:00<\/li><li><i class=\"fas fa-map-marker\"><\/i> Teatro Nacional S\u00e3o Jo\u00e3o, Oporto, Portugal<\/li><\/ul>\n\t\t\t\t\t  \t\t\t\t\t\t\t<h3>4\u00ba Ciclo MUSICAL-MENTE<\/h3><p><p><strong>Jack Liebeck<\/strong><span style=\"font-weight: 400;\"> (violin and musical direction)<\/span><span style=\"font-weight: 400;\"><br \/><\/span><strong>Juventus Ensemble<\/strong><span style=\"font-weight: 400;\"> with <\/span><strong>Laura Handler <\/strong><span style=\"font-weight: 400;\">(violin), <\/span><strong>M\u0103lina Ciobanu<\/strong><span style=\"font-weight: 400;\"> (violin), <\/span><strong>Filipe Fernandes <\/strong><span style=\"font-weight: 400;\">(violin), <\/span><strong>Izzy Howard<\/strong><span style=\"font-weight: 400;\"> (violin), <\/span><strong>Alfonso Pinto-Ribeiro<\/strong><span style=\"font-weight: 400;\"> (violin), <\/span><strong>Francisco Louren&ccedil;o <\/strong><span style=\"font-weight: 400;\">(viola), <\/span><strong>Gustavo Rebelo<\/strong><span style=\"font-weight: 400;\"> (viola), <\/span><strong>Geirthrudur Gudmundsdottir<\/strong><span style=\"font-weight: 400;\"> (cello), <\/span><strong>Jo&atilde;o Cunha<\/strong><span style=\"font-weight: 400;\"> (cello), <\/span><strong>Rui Pedro Rodrigues<\/strong><span style=\"font-weight: 400;\"> (double bass) and <\/span><strong>Rafaela Salgado<\/strong><span style=\"font-weight: 400;\"> (harpishord)<\/span><span style=\"font-weight: 400;\"><br \/><\/span><span style=\"font-weight: 400;\">Works by <\/span><strong>Antonio Vivaldi<\/strong><\/p><\/p><\/div><\/div>\n\t\t\t\t  \t\t\t\t\t\t\t<\/div>\n\t\t\t\t\t\t\t\t\t    <\/div><\/div>\t\t\t\t<\/div>\n\t\t\t\t<\/div>\n\t\t\t\t\t<\/div>\n\t\t<\/div>\n\t\t\t\t\t<\/div>\n\t\t<\/section>\n\t\t\t\t<\/div>","protected":false},"excerpt":{"rendered":"<p>2024 Agenda 15 Fevereiro 2024 19:00 Mosteiro S. Bento da Vit\u00f3ria, Porto, Portugal 3\u00ba Ciclo MUSICAL-MENTE SCHOSTAKOVICH LIBERDADE REPRIMIDADSCH &ndash; Shostakovich Ensemble Paulo Rangel (prel&uacute;dio), Filipe Pinto-Ribeiro (piano), Boris Brovtsyn (violino), Alexandra Raikhlina (violino), Jennifer Stumm (viola), Adrian Brendel (violoncelo)Obras de Schostakovich 16 Fevereiro 2024 21:00 Centro Cultural de Bel\u00e9m, Lisboa, Portugal Ciclo \u00abSexta Maior\u00bb&#8230;<\/p>","protected":false},"author":3,"featured_media":0,"parent":0,"menu_order":0,"comment_status":"closed","ping_status":"closed","template":"","meta":{"footnotes":""},"class_list":["post-3218","page","type-page","status-publish","hentry"],"aioseo_notices":[],"_links":{"self":[{"href":"https:\/\/dsch.pt\/en\/wp-json\/wp\/v2\/pages\/3218","targetHints":{"allow":["GET"]}}],"collection":[{"href":"https:\/\/dsch.pt\/en\/wp-json\/wp\/v2\/pages"}],"about":[{"href":"https:\/\/dsch.pt\/en\/wp-json\/wp\/v2\/types\/page"}],"author":[{"embeddable":true,"href":"https:\/\/dsch.pt\/en\/wp-json\/wp\/v2\/users\/3"}],"replies":[{"embeddable":true,"href":"https:\/\/dsch.pt\/en\/wp-json\/wp\/v2\/comments?post=3218"}],"version-history":[{"count":21,"href":"https:\/\/dsch.pt\/en\/wp-json\/wp\/v2\/pages\/3218\/revisions"}],"predecessor-version":[{"id":3417,"href":"https:\/\/dsch.pt\/en\/wp-json\/wp\/v2\/pages\/3218\/revisions\/3417"}],"wp:attachment":[{"href":"https:\/\/dsch.pt\/en\/wp-json\/wp\/v2\/media?parent=3218"}],"curies":[{"name":"wp","href":"https:\/\/api.w.org\/{rel}","templated":true}]}}